{"id":128,"date":"2019-11-11T17:39:54","date_gmt":"2019-11-11T16:39:54","guid":{"rendered":"https:\/\/spd-badbelzig.de\/bahnhofsgespraeche\/?page_id=128"},"modified":"2024-04-12T21:26:03","modified_gmt":"2024-04-12T19:26:03","slug":"vergangene-veranstaltungen","status":"publish","type":"page","link":"https:\/\/spd-badbelzig.de\/bahnhofsgespraeche\/vergangene-veranstaltungen\/","title":{"rendered":"Vergangene Veranstaltungen"},"content":{"rendered":"<p>[et_pb_section fb_built=&#8220;1&#8243; custom_padding_last_edited=&#8220;on|phone&#8220; _builder_version=&#8220;4.24.0&#8243; _module_preset=&#8220;default&#8220; use_background_color_gradient=&#8220;on&#8220; background_color_gradient_stops=&#8220;#000000 0%|rgba(0,0,0,0.17) 100%&#8220; background_image=&#8220;https:\/\/spd-badbelzig.de\/bahnhofsgespraeche\/wp-content\/uploads\/2024\/04\/Bahnhofsgespraeche1940.jpg&#8220; custom_padding=&#8220;8vw||8vw||true|false&#8220; custom_padding_tablet=&#8220;8vw||8vw||true|false&#8220; custom_padding_phone=&#8220;28vw||||false|false&#8220; global_colors_info=&#8220;{}&#8220; locked=&#8220;off&#8220;][et_pb_row _builder_version=&#8220;4.24.0&#8243; _module_preset=&#8220;default&#8220; global_colors_info=&#8220;{}&#8220;][et_pb_column type=&#8220;4_4&#8243; _builder_version=&#8220;4.24.0&#8243; _module_preset=&#8220;default&#8220; global_colors_info=&#8220;{}&#8220;][et_pb_text _builder_version=&#8220;4.24.0&#8243; _module_preset=&#8220;default&#8220; text_font=&#8220;Raleway etra bold||||||||&#8220; header_font=&#8220;Raleway etra bold|800|||||||&#8220; header_text_color=&#8220;#FFFFFF&#8220; header_font_size=&#8220;72px&#8220; header_2_font=&#8220;Raleway bold|800|||||||&#8220; header_2_text_color=&#8220;#FFFFFF&#8220; header_2_font_size=&#8220;62px&#8220; custom_margin=&#8220;13vw||||false|false&#8220; header_font_size_tablet=&#8220;48px&#8220; header_font_size_phone=&#8220;24px&#8220; header_font_size_last_edited=&#8220;on|phone&#8220; header_2_font_size_tablet=&#8220;42px&#8220; header_2_font_size_phone=&#8220;24px&#8220; header_2_font_size_last_edited=&#8220;on|phone&#8220; text_text_shadow_style=&#8220;preset1&#8243; header_text_shadow_style=&#8220;preset1&#8243; header_2_text_shadow_style=&#8220;preset1&#8243; global_colors_info=&#8220;{}&#8220;]<\/p>\n<h1>BAHNHOFSGESPR\u00c4CHE<\/h1>\n<h2>BAD BELZIG<\/h2>\n<p>[\/et_pb_text][\/et_pb_column][\/et_pb_row][\/et_pb_section][et_pb_section fb_built=&#8220;1&#8243; _builder_version=&#8220;4.20.4&#8243; custom_margin=&#8220;0px||||false|false&#8220; custom_padding=&#8220;0px||||false|false&#8220; global_colors_info=&#8220;{}&#8220; locked=&#8220;off&#8220;][et_pb_row _builder_version=&#8220;4.16&#8243; global_colors_info=&#8220;{}&#8220;][et_pb_column type=&#8220;4_4&#8243; _builder_version=&#8220;4.16&#8243; custom_padding=&#8220;|||&#8220; global_colors_info=&#8220;{}&#8220; custom_padding__hover=&#8220;|||&#8220;][et_pb_text admin_label=&#8220;Willkommen&#8220; _builder_version=&#8220;4.20.2&#8243; z_index_tablet=&#8220;500&#8243; global_colors_info=&#8220;{}&#8220;]<\/p>\n<h1>BahnhofsGespr\u00e4che\u00a0<br \/>Vergangene Verantstaltungen<\/h1>\n<h3>Bad Belzig<\/h3>\n<p>Bahnh\u00f6fe sind Begegnungsorte.<\/p>\n<p>Die SPD Bad Belzig m\u00f6chte den Fl\u00e4ming Bahnhof nutzen, um den B\u00fcrgerinnen und B\u00fcrgern von Bad Belzig Gelegenheit zu Begegnungen mit politischen Themen und Personen von Bedeutung zu geben.<\/p>\n<p>Hier finden Sie die\u00a0 <strong>BahnhofsGespr\u00e4che<\/strong> in unserem Bahnhof, die 2019 schon stattgefunden haben.<\/p>\n<p>[\/et_pb_text][\/et_pb_column][\/et_pb_row][et_pb_row _builder_version=&#8220;4.16&#8243; _module_preset=&#8220;default&#8220; locked=&#8220;off&#8220; global_colors_info=&#8220;{}&#8220;][et_pb_column type=&#8220;4_4&#8243; _builder_version=&#8220;4.16&#8243; _module_preset=&#8220;default&#8220; global_colors_info=&#8220;{}&#8220;][et_pb_divider _builder_version=&#8220;4.16&#8243; _module_preset=&#8220;default&#8220; global_colors_info=&#8220;{}&#8220;][\/et_pb_divider][\/et_pb_column][\/et_pb_row][et_pb_row _builder_version=&#8220;4.16&#8243; locked=&#8220;off&#8220; global_colors_info=&#8220;{}&#8220;][et_pb_column type=&#8220;4_4&#8243; _builder_version=&#8220;4.16&#8243; custom_padding=&#8220;|||&#8220; global_colors_info=&#8220;{}&#8220; custom_padding__hover=&#8220;|||&#8220;][et_pb_text admin_label=&#8220;Arbeit in Zeiten von Corona&#8220; _builder_version=&#8220;4.24.0&#8243; header_font=&#8220;|700|||||||&#8220; header_2_font=&#8220;|700|||||||&#8220; header_4_font=&#8220;|600|||||||&#8220; header_4_font_size_tablet=&#8220;&#8220; header_4_font_size_phone=&#8220;16px&#8220; header_4_font_size_last_edited=&#8220;on|phone&#8220; z_index_tablet=&#8220;500&#8243; global_colors_info=&#8220;{}&#8220;]<\/p>\n<h4>Freitag, 21. April 2023 um 19 Uhr im Fl\u00e4ming-Bahnhof Bad Belzig<\/h4>\n<h2>Bad Belziger BahnhofsGespr\u00e4ch zum Thema &#8222;Wohnen&#8220;<\/h2>\n<p>Wir laden Sie herzlich zum BahnhofsGespr\u00e4ch der SPD Bad Belzig am Freitag,\u00a0 21.4.2023 um 19.00 Uhr im Fl\u00e4ming Bahnhof Bad Belzig ein.<\/p>\n<p>Das Thema des Abends wird <strong>&#8222;Wohnen&#8220;<\/strong> sein, und wir haben uns sehr gefreut, dass <strong>Klara Geywitz<\/strong>, stellvertretende Parteivorsitzende der SPD, als Gast zugesagt hat, zusammen mit unserem B\u00fcrgermeisterkandidaten <strong>Hendrik H\u00e4nig<\/strong> sich diesem auch f\u00fcr Bad Belzig schwierigen Thema zu stellen.<\/p>\n<p>In einer Zeit, in der Wohnraum knapp und teuer ist, wollen wir mit Ihnen und <strong>Klara Geywitz<\/strong> und <strong>Hendrik H\u00e4nig<\/strong> diskutieren, wie die SPD auf Bundes-, Landes- und kommunaler Ebene f\u00fcr bezahlbaren Wohnraum sorgen kann. Wir m\u00f6chten gemeinsam mit Ihnen L\u00f6sungen finden, damit sich alle Menschen eine angemessene Wohnung leisten k\u00f6nnen.<\/p>\n<p>Wir freuen uns auf einen spannenden und informativen Abend mit <strong>Klara Geywitz<\/strong> und <strong>Hendrik H\u00e4nig.\u00a0\u00a0<\/strong><\/p>\n<p><strong>G\u00fcnter Baaske<\/strong> wird die Moderation \u00fcbernehmen.<strong><\/strong><\/p>\n<p>Wir freuen uns auf ihre Teilnahme.<\/p>\n<p>[\/et_pb_text][\/et_pb_column][\/et_pb_row][et_pb_row column_structure=&#8220;1_3,1_3,1_3&#8243; _builder_version=&#8220;4.16&#8243; background_size=&#8220;initial&#8220; background_position=&#8220;top_left&#8220; background_repeat=&#8220;repeat&#8220; locked=&#8220;off&#8220; global_colors_info=&#8220;{}&#8220;][et_pb_column type=&#8220;1_3&#8243; _builder_version=&#8220;4.16&#8243; custom_padding=&#8220;|||&#8220; global_colors_info=&#8220;{}&#8220; custom_padding__hover=&#8220;|||&#8220;][et_pb_image src=&#8220;https:\/\/spd-badbelzig.de\/bahnhofsgespraeche\/wp-content\/uploads\/2023\/04\/portrait-geywitz900x900.jpg&#8220; title_text=&#8220;portrait-geywitz900x900&#8243; align_tablet=&#8220;center&#8220; align_phone=&#8220;&#8220; align_last_edited=&#8220;on|desktop&#8220; admin_label=&#8220;Bild Christian Hossbach&#8220; _builder_version=&#8220;4.20.4&#8243; z_index_tablet=&#8220;500&#8243; box_shadow_style=&#8220;preset2&#8243; global_colors_info=&#8220;{}&#8220;][\/et_pb_image][et_pb_text _builder_version=&#8220;4.20.4&#8243; _module_preset=&#8220;default&#8220; global_colors_info=&#8220;{}&#8220;]<\/p>\n<p><span style=\"font-size: small;\">Foto: Bundesregierung\/Schacht<\/span><\/p>\n<p>&nbsp;<\/p>\n<p>[\/et_pb_text][\/et_pb_column][et_pb_column type=&#8220;1_3&#8243; _builder_version=&#8220;4.19.5&#8243; _module_preset=&#8220;default&#8220; global_colors_info=&#8220;{}&#8220;][et_pb_image src=&#8220;https:\/\/spd-badbelzig.de\/bahnhofsgespraeche\/wp-content\/uploads\/2023\/03\/HendrikHaenig900-1.jpg&#8220; title_text=&#8220;HendrikHaenig900-1&#8243; align_tablet=&#8220;center&#8220; align_phone=&#8220;&#8220; align_last_edited=&#8220;on|desktop&#8220; admin_label=&#8220;Bild Sonja Eichwede&#8220; _builder_version=&#8220;4.19.5&#8243; z_index_tablet=&#8220;500&#8243; box_shadow_style=&#8220;preset1&#8243; global_colors_info=&#8220;{}&#8220;][\/et_pb_image][et_pb_text _builder_version=&#8220;4.19.5&#8243; _module_preset=&#8220;default&#8220; global_colors_info=&#8220;{}&#8220;]<\/p>\n<p><span style=\"font-size: small;\">Foto: Annette Koroll, Quelle: https:\/\/hendrik-haenig.de<\/span><\/p>\n<p>[\/et_pb_text][\/et_pb_column][et_pb_column type=&#8220;1_3&#8243; _builder_version=&#8220;4.19.5&#8243; _module_preset=&#8220;default&#8220; global_colors_info=&#8220;{}&#8220;][\/et_pb_column][\/et_pb_row][et_pb_row _builder_version=&#8220;4.16&#8243; locked=&#8220;off&#8220; global_colors_info=&#8220;{}&#8220;][et_pb_column type=&#8220;4_4&#8243; _builder_version=&#8220;4.16&#8243; custom_padding=&#8220;|||&#8220; global_colors_info=&#8220;{}&#8220; custom_padding__hover=&#8220;|||&#8220;][et_pb_text admin_label=&#8220;Arbeit in Zeiten von Corona&#8220; _builder_version=&#8220;4.20.2&#8243; header_4_font_size_tablet=&#8220;&#8220; header_4_font_size_phone=&#8220;16px&#8220; header_4_font_size_last_edited=&#8220;on|phone&#8220; z_index_tablet=&#8220;500&#8243; global_colors_info=&#8220;{}&#8220;]<\/p>\n<h4>Mittwoch, 22. M\u00e4rz 2023 um 19 Uhr im Fl\u00e4ming-Bahnhof Bad Belzig<\/h4>\n<h2>\u201eKultur ist nicht alles, aber ohne Kultur ist alles nichts!\u201c &#8211; Bad Belziger Bahnhofgespr\u00e4ch \u00fcber Kultur vor Ort<\/h2>\n<p>Bad Belzig verf\u00fcgt \u00fcber eine vielf\u00e4ltige Kulturlandschaft: Hofgarten Kino, Kleinkunstwerk, Jugendtheater, Burgmuseum, Bockwindm\u00fchle, Stadtbibliothek und zahlreiche weitere Vereine, Ch\u00f6re und Initiativen bereichern unsere Stadt mit ihrem Engagement. Die F\u00f6rderung der kulturellen Aktivit\u00e4ten darf in Zeiten knapper Haushaltsmittel nicht zur\u00fcckgefahren werden. Wie also geht Kultur vor Ort in diesen nicht ganz einfachen Zeiten?<br \/>Wir freuen uns, dass die Kulturministerin des Landes Brandenburg Dr. Manja Sch\u00fcle zu diesem Thema mit unserem Kandidaten f\u00fcr das B\u00fcrgermeisteramt Hendrik H\u00e4nig im Rahmen eines BahnhofsGespr\u00e4ch SPD Bad Belzig sprechen wird.<\/p>\n<p>[\/et_pb_text][\/et_pb_column][\/et_pb_row][et_pb_row column_structure=&#8220;1_3,1_3,1_3&#8243; _builder_version=&#8220;4.16&#8243; background_size=&#8220;initial&#8220; background_position=&#8220;top_left&#8220; background_repeat=&#8220;repeat&#8220; locked=&#8220;off&#8220; global_colors_info=&#8220;{}&#8220;][et_pb_column type=&#8220;1_3&#8243; _builder_version=&#8220;4.16&#8243; custom_padding=&#8220;|||&#8220; global_colors_info=&#8220;{}&#8220; custom_padding__hover=&#8220;|||&#8220;][et_pb_image src=&#8220;https:\/\/spd-badbelzig.de\/bahnhofsgespraeche\/wp-content\/uploads\/2023\/03\/ManjaSchuele900-1.jpg&#8220; title_text=&#8220;ManjaSchuele900-1&#8243; align_tablet=&#8220;center&#8220; align_phone=&#8220;&#8220; align_last_edited=&#8220;on|desktop&#8220; admin_label=&#8220;Bild Christian Hossbach&#8220; _builder_version=&#8220;4.19.5&#8243; z_index_tablet=&#8220;500&#8243; box_shadow_style=&#8220;preset2&#8243; global_colors_info=&#8220;{}&#8220;][\/et_pb_image][et_pb_text _builder_version=&#8220;4.19.5&#8243; _module_preset=&#8220;default&#8220; global_colors_info=&#8220;{}&#8220;]<\/p>\n<p><span style=\"font-size: small;\"> \u00a9Karoline Wolf, Quelle: Ministerium f\u00fcr Wissenschaft, Forschung und Kultur<br \/><\/span><\/p>\n<p>[\/et_pb_text][\/et_pb_column][et_pb_column type=&#8220;1_3&#8243; _builder_version=&#8220;4.19.5&#8243; _module_preset=&#8220;default&#8220; global_colors_info=&#8220;{}&#8220;][et_pb_image src=&#8220;https:\/\/spd-badbelzig.de\/bahnhofsgespraeche\/wp-content\/uploads\/2023\/03\/HendrikHaenig900-1.jpg&#8220; title_text=&#8220;HendrikHaenig900-1&#8243; align_tablet=&#8220;center&#8220; align_phone=&#8220;&#8220; align_last_edited=&#8220;on|desktop&#8220; admin_label=&#8220;Bild Sonja Eichwede&#8220; _builder_version=&#8220;4.19.5&#8243; z_index_tablet=&#8220;500&#8243; box_shadow_style=&#8220;preset1&#8243; global_colors_info=&#8220;{}&#8220;][\/et_pb_image][et_pb_text _builder_version=&#8220;4.19.5&#8243; _module_preset=&#8220;default&#8220; global_colors_info=&#8220;{}&#8220;]<\/p>\n<p><span style=\"font-size: small;\">Foto: Annette Koroll, Quelle: https:\/\/hendrik-haenig.de<\/span><\/p>\n<p>[\/et_pb_text][\/et_pb_column][et_pb_column type=&#8220;1_3&#8243; _builder_version=&#8220;4.19.5&#8243; _module_preset=&#8220;default&#8220; global_colors_info=&#8220;{}&#8220;][\/et_pb_column][\/et_pb_row][et_pb_row _builder_version=&#8220;4.19.5&#8243; _module_preset=&#8220;default&#8220; global_colors_info=&#8220;{}&#8220;][et_pb_column type=&#8220;4_4&#8243; _builder_version=&#8220;4.19.5&#8243; _module_preset=&#8220;default&#8220; global_colors_info=&#8220;{}&#8220;][et_pb_text _builder_version=&#8220;4.19.5&#8243; _module_preset=&#8220;default&#8220; global_colors_info=&#8220;{}&#8220;]<\/p>\n<p>Ebenso freuen wir uns auf die Impulse ortskundiger Kulturschaffender. Marie Gol\u00fcke, die Initiatorin des Festivals f\u00fcr Freunde und Mitbegr\u00fcnderin des Sandberger Kreativstudios wird ihre Sicht auf die lokale Kultur in Bad Belzig mit uns teilen. Dirk Tscherner, Manager von Keimzeit, und Frank Gr\u00fcnert, auch als Dr. B\u00fcchner und Impressario der Olsen Bande bekannt, werden uns an ihren Ideen und Anregungen teilhaben lassen.<\/p>\n<p>[\/et_pb_text][\/et_pb_column][\/et_pb_row][et_pb_row column_structure=&#8220;1_3,1_3,1_3&#8243; _builder_version=&#8220;4.16&#8243; background_size=&#8220;initial&#8220; background_position=&#8220;top_left&#8220; background_repeat=&#8220;repeat&#8220; locked=&#8220;off&#8220; global_colors_info=&#8220;{}&#8220;][et_pb_column type=&#8220;1_3&#8243; _builder_version=&#8220;4.16&#8243; custom_padding=&#8220;|||&#8220; global_colors_info=&#8220;{}&#8220; custom_padding__hover=&#8220;|||&#8220;][et_pb_image src=&#8220;https:\/\/spd-badbelzig.de\/bahnhofsgespraeche\/wp-content\/uploads\/2023\/03\/MarieGolueke900-1.jpg&#8220; title_text=&#8220;MarieGolueke900-1&#8243; align_tablet=&#8220;center&#8220; align_phone=&#8220;&#8220; align_last_edited=&#8220;on|desktop&#8220; admin_label=&#8220;Bild Barbara Weigel&#8220; _builder_version=&#8220;4.19.5&#8243; z_index_tablet=&#8220;500&#8243; box_shadow_style=&#8220;preset2&#8243; global_colors_info=&#8220;{}&#8220;][\/et_pb_image][et_pb_text _builder_version=&#8220;4.19.5&#8243; _module_preset=&#8220;default&#8220; locked=&#8220;off&#8220; global_colors_info=&#8220;{}&#8220;]<span style=\"font-size: small;\">\u00a9 Thomas Rusch<\/span>[\/et_pb_text][\/et_pb_column][et_pb_column type=&#8220;1_3&#8243; _builder_version=&#8220;4.16&#8243; custom_padding=&#8220;|||&#8220; global_colors_info=&#8220;{}&#8220; custom_padding__hover=&#8220;|||&#8220;][et_pb_image src=&#8220;https:\/\/spd-badbelzig.de\/bahnhofsgespraeche\/wp-content\/uploads\/2023\/03\/DirkTscherner900-1.jpg&#8220; title_text=&#8220;DirkTscherner900-1&#8243; align_tablet=&#8220;center&#8220; align_phone=&#8220;&#8220; align_last_edited=&#8220;on|desktop&#8220; admin_label=&#8220;Bild wolfgang Biedermann&#8220; _builder_version=&#8220;4.19.5&#8243; z_index_tablet=&#8220;500&#8243; box_shadow_style=&#8220;preset1&#8243; global_colors_info=&#8220;{}&#8220;][\/et_pb_image][\/et_pb_column][et_pb_column type=&#8220;1_3&#8243; _builder_version=&#8220;4.16&#8243; custom_padding=&#8220;|||&#8220; global_colors_info=&#8220;{}&#8220; custom_padding__hover=&#8220;|||&#8220;][et_pb_image src=&#8220;https:\/\/spd-badbelzig.de\/bahnhofsgespraeche\/wp-content\/uploads\/2023\/03\/FrankGruenert900-1.jpg&#8220; title_text=&#8220;FrankGruenert900-1&#8243; align_tablet=&#8220;center&#8220; align_phone=&#8220;&#8220; align_last_edited=&#8220;on|desktop&#8220; admin_label=&#8220;Bild Joerg Breulmann&#8220; _builder_version=&#8220;4.19.5&#8243; z_index_tablet=&#8220;500&#8243; box_shadow_style=&#8220;preset1&#8243; global_colors_info=&#8220;{}&#8220;][\/et_pb_image][\/et_pb_column][\/et_pb_row][et_pb_row _builder_version=&#8220;4.19.5&#8243; _module_preset=&#8220;default&#8220; global_colors_info=&#8220;{}&#8220;][et_pb_column type=&#8220;4_4&#8243; _builder_version=&#8220;4.19.5&#8243; _module_preset=&#8220;default&#8220; global_colors_info=&#8220;{}&#8220;][et_pb_text _builder_version=&#8220;4.19.5&#8243; _module_preset=&#8220;default&#8220; global_colors_info=&#8220;{}&#8220;]<\/p>\n<p>Die kulturelle Entwicklung unserer Stadt ist uns wichtig. Reden wir dar\u00fcber \u2013 denn Bad Belzig und Kultur, das geh\u00f6rt einfach zusammen!<br \/>Moderation: Gustav A. Horn, Mitglied der Stadtverordnetenversammlung<\/p>\n<p>[\/et_pb_text][\/et_pb_column][\/et_pb_row][et_pb_row _builder_version=&#8220;4.19.5&#8243; _module_preset=&#8220;default&#8220; global_colors_info=&#8220;{}&#8220;][et_pb_column type=&#8220;4_4&#8243; _builder_version=&#8220;4.19.5&#8243; _module_preset=&#8220;default&#8220; global_colors_info=&#8220;{}&#8220;][et_pb_text _builder_version=&#8220;4.20.2&#8243; _module_preset=&#8220;default&#8220; global_colors_info=&#8220;{}&#8220;]<\/p>\n<h4>Das Gespr\u00e4ch findet am Mittwoch, 22. M\u00e4rz 2023 um 19 Uhr im Fl\u00e4ming-Bahnhof Bad Belzig statt.<\/h4>\n<p>&nbsp;<\/p>\n<p>[\/et_pb_text][\/et_pb_column][\/et_pb_row][et_pb_row _builder_version=&#8220;4.16&#8243; _module_preset=&#8220;default&#8220; global_colors_info=&#8220;{}&#8220;][et_pb_column type=&#8220;4_4&#8243; _builder_version=&#8220;4.16&#8243; _module_preset=&#8220;default&#8220; global_colors_info=&#8220;{}&#8220;][et_pb_divider _builder_version=&#8220;4.16&#8243; _module_preset=&#8220;default&#8220; global_colors_info=&#8220;{}&#8220;][\/et_pb_divider][\/et_pb_column][\/et_pb_row][\/et_pb_section][et_pb_section fb_built=&#8220;1&#8243; _builder_version=&#8220;4.16&#8243; global_colors_info=&#8220;{}&#8220;][et_pb_row _builder_version=&#8220;4.16&#8243; _module_preset=&#8220;default&#8220; locked=&#8220;off&#8220; global_colors_info=&#8220;{}&#8220;][et_pb_column type=&#8220;4_4&#8243; _builder_version=&#8220;4.16&#8243; _module_preset=&#8220;default&#8220; global_colors_info=&#8220;{}&#8220;][et_pb_divider _builder_version=&#8220;4.16&#8243; _module_preset=&#8220;default&#8220; global_colors_info=&#8220;{}&#8220;][\/et_pb_divider][\/et_pb_column][\/et_pb_row][et_pb_row _builder_version=&#8220;4.16&#8243; locked=&#8220;off&#8220; global_colors_info=&#8220;{}&#8220;][et_pb_column type=&#8220;4_4&#8243; _builder_version=&#8220;4.16&#8243; custom_padding=&#8220;|||&#8220; global_colors_info=&#8220;{}&#8220; custom_padding__hover=&#8220;|||&#8220;][et_pb_text admin_label=&#8220;Marko K\u00f6hler&#8220; _builder_version=&#8220;4.20.2&#8243; header_2_font_size=&#8220;21px&#8220; header_4_font_size=&#8220;21px&#8220; header_4_font_size_tablet=&#8220;&#8220; header_4_font_size_phone=&#8220;18px&#8220; header_4_font_size_last_edited=&#8220;on|phone&#8220; z_index_tablet=&#8220;500&#8243; global_colors_info=&#8220;{}&#8220;]<\/p>\n<p>Virtuelle BahnhofsGespr\u00e4ch der SPD Bad Belzig:<\/p>\n<h2><strong>Landratswahl : Marko K\u00f6hler stellt sich vor<\/strong><\/h2>\n<p>&nbsp;<\/p>\n<h4>Montag, 20.12. 2021 um 19.00 Uhr als Zoom Konferenz.<\/h4>\n<p>[\/et_pb_text][\/et_pb_column][\/et_pb_row][et_pb_row column_structure=&#8220;1_2,1_2&#8243; _builder_version=&#8220;4.16&#8243; _module_preset=&#8220;default&#8220; locked=&#8220;off&#8220; global_colors_info=&#8220;{}&#8220;][et_pb_column type=&#8220;1_2&#8243; _builder_version=&#8220;4.16&#8243; _module_preset=&#8220;default&#8220; global_colors_info=&#8220;{}&#8220;][et_pb_image src=&#8220;https:\/\/spd-badbelzig.de\/bahnhofsgespraeche\/wp-content\/uploads\/2021\/12\/MarkoKoehler.jpg&#8220; title_text=&#8220;MarkoKoehler&#8220; _builder_version=&#8220;4.16&#8243; _module_preset=&#8220;default&#8220; box_shadow_style=&#8220;preset1&#8243; global_colors_info=&#8220;{}&#8220;][\/et_pb_image][\/et_pb_column][et_pb_column type=&#8220;1_2&#8243; _builder_version=&#8220;4.16&#8243; _module_preset=&#8220;default&#8220; global_colors_info=&#8220;{}&#8220;][et_pb_text admin_label=&#8220;Impfen in Belzig&#8220; _builder_version=&#8220;4.16&#8243; header_2_font_size=&#8220;21px&#8220; header_4_font_size=&#8220;21px&#8220; custom_padding=&#8220;||4vw||false|false&#8220; header_4_font_size_tablet=&#8220;&#8220; header_4_font_size_phone=&#8220;18px&#8220; header_4_font_size_last_edited=&#8220;on|phone&#8220; z_index_tablet=&#8220;500&#8243; global_colors_info=&#8220;{}&#8220;]<\/p>\n<h2>Marko K\u00f6hler,<\/h2>\n<p>der Amtsdirektor von Br\u00fcck, kandidiert f\u00fcr die SPD bei der Landratsratswahl am 6.2.2022.<\/p>\n<p>Wer ist Marko K\u00f6hler? Was hat er als Landrat vor? Welche Pl\u00e4ne hat er f\u00fcr preisg\u00fcnstiges Wohnen? Wie soll der Verkehr im Kreis nachhaltig gestaltet werden? Wie steht er zum Kreissitz Bad Belzig?<\/p>\n<p>All diesen Fragen und noch mehr stellt sich Marko K\u00f6hler am Montag, den 20.12.2021 um 19.00 Uhr im virtuellen BahnhofsGespr\u00e4ch der SPD Bad Belzig<\/p>\n<p class=\"p1\">Moderation: Gustav A. Horn (SPD)<\/p>\n<p>[\/et_pb_text][et_pb_button button_url=&#8220;https:\/\/us02web.zoom.us\/j\/82546462352?pwd=dlgvN3FqMnhHRHZQQlU0bGFlNy9udz09&#8243; url_new_window=&#8220;on&#8220; button_text=&#8220;Der Veranstaltung bei Zoom beitreten&#8220; button_alignment=&#8220;center&#8220; _builder_version=&#8220;4.16&#8243; custom_button=&#8220;on&#8220; button_bg_color=&#8220;#e2001a&#8220; button_border_color=&#8220;#e2001a&#8220; button_font=&#8220;|600|||||||&#8220; button_icon=&#8220;&#xe04e;||divi||400&#8243; button_icon_color=&#8220;#ffffff&#8220; button_icon_placement=&#8220;left&#8220; button_on_hover=&#8220;off&#8220; background_layout=&#8220;dark&#8220; custom_padding=&#8220;10px||10px|&#8220; z_index_tablet=&#8220;500&#8243; box_shadow_style=&#8220;preset2&#8243; global_colors_info=&#8220;{}&#8220;][\/et_pb_button][et_pb_text _builder_version=&#8220;4.16&#8243; z_index_tablet=&#8220;500&#8243; global_colors_info=&#8220;{}&#8220;]<\/p>\n<h4 style=\"text-align: center;\"><span style=\"color: #ff0000;\">Meeting-ID:825 4646 2352\u2028 <\/span><\/h4>\n<h4 style=\"text-align: center;\"><span style=\"color: #ff0000;\">Kenncode: 480935<br \/>\n<\/span><\/h4>\n<p>[\/et_pb_text][\/et_pb_column][\/et_pb_row][et_pb_row _builder_version=&#8220;4.16&#8243; locked=&#8220;off&#8220; global_colors_info=&#8220;{}&#8220;][et_pb_column type=&#8220;4_4&#8243; _builder_version=&#8220;4.16&#8243; custom_padding=&#8220;|||&#8220; global_colors_info=&#8220;{}&#8220; custom_padding__hover=&#8220;|||&#8220;][et_pb_text admin_label=&#8220;Impfen in Belzig&#8220; _builder_version=&#8220;4.20.2&#8243; header_2_font_size=&#8220;21px&#8220; header_4_font_size=&#8220;21px&#8220; header_4_font_size_tablet=&#8220;&#8220; header_4_font_size_phone=&#8220;18px&#8220; header_4_font_size_last_edited=&#8220;on|phone&#8220; z_index_tablet=&#8220;500&#8243; global_colors_info=&#8220;{}&#8220;]<\/p>\n<p>Das virtuelle BahnhofsGespr\u00e4ch der SPD Bad Belzig im Mai:<\/p>\n<h2><strong>Gute Arbeit nach Corona<br \/><\/strong><\/h2>\n<h4>Dienstag, 18.5 2021 um 18.30 Uhr als Zoom Konferenz.<\/h4>\n<p>Die Corona Krise ver\u00e4nderte unser Leben zu Hause und bei der Arbeit. Abstand halten, Masken aufsetzen, von zu Hause arbeiten, gleichzeitig Kinder betreuen und vor allem sich nicht anstecken, all dies hat uns alle in den vergangenen Monaten enorm belastet.<\/p>\n<p>Wie geht es nun weiter? Wie werden wir inZukunft arbeiten? Gibt es \u00fcberhaupt genug Arbeit? Was m\u00fcssen wir wie vor allem bei den Pflegeberufen, in unserem Gesundheitssystem und in den Schulen \u00e4ndern?<\/p>\n<p>Wie k\u00f6nnen wir die Digitalisierung vorantreiben, so dass sie uns allen nutzt? Wie wird sich unsere Arbeit \u00e4ndern, wenn wir gleichzeitig das Klima sch\u00fctzen wollen?<\/p>\n<p>Mit all diesen Fragen wollen wir uns in einem virtuellen BahnhofsGespr\u00e4ch am 18.05. um 18.30 Uhr mit dem <strong>Bundesminister f\u00fcr Arbeit Hubertus Heil (SPD)<\/strong> und unserer Bundestagskandidatin <strong>Sonja Eichwede (SPD)<\/strong> auseinandersetzen. Ebenfalls teilnehmen wird unser Landtagsabgeordneter <strong>G\u00fcnter Baaske (SPD), Landesarbeitsminister a.D.<\/strong><\/p>\n<p class=\"p1\">Moderation: Gustav A. Horn (SPD)<\/p>\n<p>[\/et_pb_text][\/et_pb_column][\/et_pb_row][et_pb_row column_structure=&#8220;3_5,2_5&#8243; _builder_version=&#8220;4.16&#8243; _module_preset=&#8220;default&#8220; locked=&#8220;off&#8220; global_colors_info=&#8220;{}&#8220;][et_pb_column type=&#8220;3_5&#8243; _builder_version=&#8220;4.16&#8243; _module_preset=&#8220;default&#8220; global_colors_info=&#8220;{}&#8220;][et_pb_image src=&#8220;https:\/\/spd-badbelzig.de\/bahnhofsgespraeche\/wp-content\/uploads\/2021\/05\/EichwedeHeil1.jpg&#8220; title_text=&#8220;EichwedeHeil1&#8243; align=&#8220;center&#8220; _builder_version=&#8220;4.16&#8243; _module_preset=&#8220;default&#8220; border_radii=&#8220;on|4px|4px|4px|4px&#8220; box_shadow_style=&#8220;preset1&#8243; global_colors_info=&#8220;{}&#8220;][\/et_pb_image][et_pb_text _builder_version=&#8220;4.16&#8243; _module_preset=&#8220;default&#8220; global_colors_info=&#8220;{}&#8220;]<\/p>\n<p>Bundestagskandidatin <strong>Sonja Eichwede (SPD) <\/strong>und Bundesminister f\u00fcr Arbeit <strong>Hubertus Heil (SPD)<\/strong><\/p>\n<p>[\/et_pb_text][\/et_pb_column][et_pb_column type=&#8220;2_5&#8243; _builder_version=&#8220;4.16&#8243; _module_preset=&#8220;default&#8220; global_colors_info=&#8220;{}&#8220;][et_pb_image src=&#8220;https:\/\/spd-badbelzig.de\/bahnhofsgespraeche\/wp-content\/uploads\/2020\/12\/Baaske-Guenther-SPD-September-2019.jpg.16645011.jpg&#8220; title_text=&#8220;Baaske-Guenther-SPD-September-2019.jpg.16645011&#8243; align=&#8220;center&#8220; _builder_version=&#8220;4.16&#8243; _module_preset=&#8220;default&#8220; global_colors_info=&#8220;{}&#8220;][\/et_pb_image][et_pb_text _builder_version=&#8220;4.16&#8243; _module_preset=&#8220;default&#8220; global_colors_info=&#8220;{}&#8220;]<\/p>\n<p style=\"text-align: center;\"><strong>G\u00fcnter Baaske (SPD), <\/strong>Landesarbeitsminister a.D.<\/p>\n<p>[\/et_pb_text][\/et_pb_column][\/et_pb_row][et_pb_row _builder_version=&#8220;4.16&#8243; _module_preset=&#8220;default&#8220; locked=&#8220;off&#8220; global_colors_info=&#8220;{}&#8220;][et_pb_column type=&#8220;4_4&#8243; _builder_version=&#8220;4.16&#8243; _module_preset=&#8220;default&#8220; global_colors_info=&#8220;{}&#8220;][et_pb_divider color=&#8220;#515151&#8243; _builder_version=&#8220;4.16&#8243; z_index_tablet=&#8220;500&#8243; locked=&#8220;off&#8220; global_colors_info=&#8220;{}&#8220;][\/et_pb_divider][\/et_pb_column][\/et_pb_row][et_pb_row _builder_version=&#8220;4.16&#8243; locked=&#8220;off&#8220; global_colors_info=&#8220;{}&#8220;][et_pb_column type=&#8220;4_4&#8243; _builder_version=&#8220;4.16&#8243; custom_padding=&#8220;|||&#8220; global_colors_info=&#8220;{}&#8220; custom_padding__hover=&#8220;|||&#8220;][et_pb_text admin_label=&#8220;Impfen in Belzig&#8220; _builder_version=&#8220;4.16&#8243; header_2_font_size=&#8220;21px&#8220; header_4_font_size=&#8220;21px&#8220; header_4_font_size_tablet=&#8220;&#8220; header_4_font_size_phone=&#8220;18px&#8220; header_4_font_size_last_edited=&#8220;on|phone&#8220; z_index_tablet=&#8220;500&#8243; global_colors_info=&#8220;{}&#8220;]<\/p>\n<p>Das\u00a0 virtuelle BahnhofsGespr\u00e4ch der SPD Bad Belzig Anfang Mai:<\/p>\n<h2><strong>Impfen gegen Corona in Bad Belzig:<\/strong><br \/><strong>Wo, wann, wie und warum?<\/strong><\/h2>\n<h4>Das Gespr\u00e4ch fand am Dienstag, 4.5 2021 um 19 Uhr als Zoom Konferenz statt.<\/h4>\n<p><em>Alle Fragen rund ums Impfen gegen Corona beantwortete Dr. Eva Maria Schulze \u2013 K\u00f6hn, Fach\u00e4rztin f\u00fcr Innere Medizin, Palliativmedizin, und Notfallmedizin<\/em><\/p>\n<p class=\"p1\">Der Weg aus der Krise f\u00fchrt \u00fcber das Impfen. Alle wissen dies und dennoch gibt es mannigfaltige Hindernisse. Sie beginnen mit allzu knappem Impfstoff, reichen \u00fcber dessen teilweise schwierigen Verteilung bis hin zu bewussten oder unbewussten Falschinformationen zu ihrer Qualit\u00e4t.<\/p>\n<p>\u00dcber all diese Fragen, auch wie sie sich vor Ort in Bad Belzig darstellen, wollen wir mit einer Praktikerin aus unserer Stadt diskutieren. Dr. Eva- Maria Schulze-K\u00f6hn betreibt eine Modellpraxis f\u00fcr die Corona Impfung und kennt damit die Verh\u00e4ltnisse hier in Bad Belzig<span class=\"Apple-converted-space\">\u00a0 <\/span>bestens. <span class=\"Apple-converted-space\"><br \/><\/span><br \/>Daher veranstalteten wir am <strong>4<\/strong><b>.5.2021 von 19.00 \u2013<\/b> <b>20.30 Uhr <\/b><b><\/b>ein virtuellen BahnhofsGespr\u00e4ch, in dem <strong>Frau Dr. Schulze-K\u00f6hn<\/strong> zur Verf\u00fcgung stand, alle diese Fragen zu beantworten. <span class=\"Apple-converted-space\">\u00a0<\/span><\/p>\n<p>[\/et_pb_text][\/et_pb_column][\/et_pb_row][et_pb_row column_structure=&#8220;1_4,1_4,1_4,1_4&#8243; _builder_version=&#8220;4.16&#8243; _module_preset=&#8220;default&#8220; locked=&#8220;off&#8220; global_colors_info=&#8220;{}&#8220;][et_pb_column type=&#8220;1_4&#8243; _builder_version=&#8220;4.16&#8243; _module_preset=&#8220;default&#8220; global_colors_info=&#8220;{}&#8220;][\/et_pb_column][et_pb_column type=&#8220;1_4&#8243; _builder_version=&#8220;4.16&#8243; _module_preset=&#8220;default&#8220; global_colors_info=&#8220;{}&#8220;][et_pb_image src=&#8220;https:\/\/spd-badbelzig.de\/bahnhofsgespraeche\/wp-content\/uploads\/2021\/05\/Schulze-Koehn240.jpg&#8220; title_text=&#8220;Schulze-Koehn240&#8243; align=&#8220;center&#8220; _builder_version=&#8220;4.16&#8243; _module_preset=&#8220;default&#8220; max_width=&#8220;300px&#8220; global_colors_info=&#8220;{}&#8220;][\/et_pb_image][et_pb_text _builder_version=&#8220;4.16&#8243; _module_preset=&#8220;default&#8220; global_colors_info=&#8220;{}&#8220;]<\/p>\n<p style=\"text-align: center;\"><strong>Dr.med. Eva-Maria Schulze-K\u00f6hn<\/strong><\/p>\n<p style=\"text-align: center;\">Fach\u00e4rztin f\u00fcr Innere Medizin<br \/>Palliativmedizin, Notfallmedizin<br \/>Badearzt, spezielle Schmerztherapie<\/p>\n<p>[\/et_pb_text][\/et_pb_column][et_pb_column type=&#8220;1_4&#8243; _builder_version=&#8220;4.16&#8243; _module_preset=&#8220;default&#8220; global_colors_info=&#8220;{}&#8220;][et_pb_image src=&#8220;https:\/\/spd-badbelzig.de\/bahnhofsgespraeche\/wp-content\/uploads\/2020\/12\/Baaske-Guenther-SPD-September-2019.jpg.16645011.jpg&#8220; title_text=&#8220;Baaske-Guenther-SPD-September-2019.jpg.16645011&#8243; align=&#8220;center&#8220; _builder_version=&#8220;4.16&#8243; _module_preset=&#8220;default&#8220; global_colors_info=&#8220;{}&#8220;][\/et_pb_image][et_pb_text _builder_version=&#8220;4.16&#8243; _module_preset=&#8220;default&#8220; global_colors_info=&#8220;{}&#8220;]<\/p>\n<p style=\"text-align: center;\">Moderation: <br \/><strong>G\u00fcnter Baaske<\/strong> (SPD), MdL<\/p>\n<p>[\/et_pb_text][\/et_pb_column][et_pb_column type=&#8220;1_4&#8243; _builder_version=&#8220;4.16&#8243; _module_preset=&#8220;default&#8220; global_colors_info=&#8220;{}&#8220;][\/et_pb_column][\/et_pb_row][et_pb_row _builder_version=&#8220;4.16&#8243; locked=&#8220;off&#8220; global_colors_info=&#8220;{}&#8220;][et_pb_column type=&#8220;4_4&#8243; _builder_version=&#8220;4.16&#8243; custom_padding=&#8220;|||&#8220; global_colors_info=&#8220;{}&#8220; custom_padding__hover=&#8220;|||&#8220;][et_pb_divider color=&#8220;#515151&#8243; _builder_version=&#8220;4.16&#8243; z_index_tablet=&#8220;500&#8243; global_colors_info=&#8220;{}&#8220;][\/et_pb_divider][et_pb_text admin_label=&#8220;Arbeit in Zeiten von Corona&#8220; _builder_version=&#8220;4.16&#8243; header_4_font_size=&#8220;21px&#8220; z_index_tablet=&#8220;500&#8243; global_colors_info=&#8220;{}&#8220;]<\/p>\n<p>Das virtuelle BahnhofsGespr\u00e4ch der SPD Bad Belzig im April:<\/p>\n<h2>Eine neue Kita f\u00fcr Bad Belzig<\/h2>\n<h4>Das Gespr\u00e4ch fand am Dienstag, 6.4 2021 um 19.00 &#8211; 20.30\u00a0 Uhr als Zoom Konferenz statt.<\/h4>\n<p>Das <strong>Oberlinhaus<\/strong> stellte sein Konzept im Rahmen eines <strong>BahnhofsGespr\u00e4chs<\/strong> der SPD Bad Belzig vor.<\/p>\n<p>Die Entscheidung der Stadtverordneten fiel hinter verschlossenen T\u00fcren. Das <strong>Oberberlinhaus<\/strong> bekam den Zuschlag f\u00fcr eine sehnlichst erwartete zus\u00e4tzliche Kita in Bad Belzig. Wir meinen, dass Eltern und die, die es werden wollen, wie letztlich alle B\u00fcrgerinnen und B\u00fcrger unserer Stadt ein Recht darauf haben zu erfahren, wie unsere Kleinsten betreut und erzogen werden. Daher veranstalten wir am <strong>6.4.2021 von 19.00 -20.30 Uhr<\/strong> ein virtuelles <strong>BahnhofsGespr\u00e4ch<\/strong>, in dem das <strong>Oberlinhaus<\/strong> seine Ideen und Konzepte vorstellt.<\/p>\n<p>[\/et_pb_text][et_pb_image src=&#8220;https:\/\/spd-badbelzig.de\/bahnhofsgespraeche\/wp-content\/uploads\/2021\/03\/LOGO_Oberlinhaus_RGB@300ppi.png&#8220; title_text=&#8220;LOGO_Oberlinhaus_RGB@300ppi&#8220; align=&#8220;center&#8220; _builder_version=&#8220;4.16&#8243; _module_preset=&#8220;default&#8220; max_width=&#8220;300px&#8220; global_colors_info=&#8220;{}&#8220;][\/et_pb_image][et_pb_text _builder_version=&#8220;4.16&#8243; _module_preset=&#8220;default&#8220; global_colors_info=&#8220;{}&#8220;]<\/p>\n<p>Judith Langner, Bereichsleiterin Kindertagesst\u00e4tten und der Gesch\u00e4ftsf\u00fchrer der Reha Klinik Bad Belzig Herr Peters werden das Konzept vorstellen.<\/p>\n<p style=\"text-align: center;\">Moderation: Anne Baaske (SPD), Mitglied der Stadtverordneten Versammlung<\/p>\n<p>[\/et_pb_text][\/et_pb_column][\/et_pb_row][et_pb_row _builder_version=&#8220;4.16&#8243; locked=&#8220;off&#8220; global_colors_info=&#8220;{}&#8220;][et_pb_column type=&#8220;4_4&#8243; _builder_version=&#8220;4.16&#8243; custom_padding=&#8220;|||&#8220; global_colors_info=&#8220;{}&#8220; custom_padding__hover=&#8220;|||&#8220;][et_pb_text admin_label=&#8220;Arbeit in Zeiten von Corona&#8220; _builder_version=&#8220;4.16&#8243; header_4_font_size=&#8220;20px&#8220; z_index_tablet=&#8220;500&#8243; global_colors_info=&#8220;{}&#8220;]<\/p>\n<p>Das virtuelle BahnhofsGespr\u00e4ch der SPD Bad Belzig im Februar 2021:<\/p>\n<h2>Arbeit in Zeiten von Corona<\/h2>\n<h4>Das Gespr\u00e4ch fand am Dienstag, 9.2 2021 um 19 Uhr als Zoom Konferenz statt.<\/h4>\n<p>Wir leben in besonderen Zeiten. Lockdown, Home Office, Schul- und Kita-Schlie\u00dfungen, Kurzarbeit oder gar Arbeitslosigkeit, die Corona Krise hat unser Arbeits- und Familienleben voll im Griff. Wie gehen wir damit um? Wie werden Arbeitnehmerinnen und Arbeitnehmer unterst\u00fctzt ? was fehlt nach ? Wie geht es nach Corona weiter?<\/p>\n<p>All dies und auch ihre Anregungen wollen wir miteinander diskutieren.<\/p>\n<p>Als Referent besucht der Landesvorsitzende des Deutschen Gewerkschaftsbundes (DGB) <strong>Christian Ho\u00dfbach<\/strong>.<br \/>Unsere\u00a0 Bundestagskandidatin <strong>Sonja Eichwede<\/strong> wird ebenfalls als Gast anwesend sein.<\/p>\n<p>[\/et_pb_text][\/et_pb_column][\/et_pb_row][et_pb_row column_structure=&#8220;1_3,1_3,1_3&#8243; _builder_version=&#8220;4.16&#8243; background_size=&#8220;initial&#8220; background_position=&#8220;top_left&#8220; background_repeat=&#8220;repeat&#8220; locked=&#8220;off&#8220; global_colors_info=&#8220;{}&#8220;][et_pb_column type=&#8220;1_3&#8243; _builder_version=&#8220;4.16&#8243; custom_padding=&#8220;|||&#8220; global_colors_info=&#8220;{}&#8220; custom_padding__hover=&#8220;|||&#8220;][et_pb_image src=&#8220;https:\/\/spd-badbelzig.de\/bahnhofsgespraeche\/wp-content\/uploads\/2021\/01\/ChristianHossbach.jpg&#8220; title_text=&#8220;ChristianHossbach&#8220; align_tablet=&#8220;center&#8220; align_phone=&#8220;&#8220; align_last_edited=&#8220;on|desktop&#8220; admin_label=&#8220;Bild Christian Hossbach&#8220; _builder_version=&#8220;4.16&#8243; z_index_tablet=&#8220;500&#8243; box_shadow_style=&#8220;preset2&#8243; global_colors_info=&#8220;{}&#8220;][\/et_pb_image][et_pb_text _builder_version=&#8220;4.16&#8243; _module_preset=&#8220;default&#8220; global_colors_info=&#8220;{}&#8220;]<span style=\"font-size: small;\">Quelle: DGB Berlin-Branndenburg<\/span>[\/et_pb_text][\/et_pb_column][et_pb_column type=&#8220;1_3&#8243; _builder_version=&#8220;4.16&#8243; custom_padding=&#8220;|||&#8220; global_colors_info=&#8220;{}&#8220; custom_padding__hover=&#8220;|||&#8220;][et_pb_image src=&#8220;https:\/\/spd-badbelzig.de\/bahnhofsgespraeche\/wp-content\/uploads\/2021\/01\/SonjaEichwede.jpg&#8220; title_text=&#8220;SonjaEichwede&#8220; align_tablet=&#8220;center&#8220; align_phone=&#8220;&#8220; align_last_edited=&#8220;on|desktop&#8220; admin_label=&#8220;Bild Sonja Eichwede&#8220; _builder_version=&#8220;4.16&#8243; z_index_tablet=&#8220;500&#8243; box_shadow_style=&#8220;preset1&#8243; global_colors_info=&#8220;{}&#8220;][\/et_pb_image][et_pb_text _builder_version=&#8220;4.16&#8243; _module_preset=&#8220;default&#8220; global_colors_info=&#8220;{}&#8220;]<span style=\"font-size: small;\">Quelle: Sonja Eichwede<\/span>[\/et_pb_text][\/et_pb_column][et_pb_column type=&#8220;1_3&#8243; _builder_version=&#8220;4.16&#8243; custom_padding=&#8220;|||&#8220; global_colors_info=&#8220;{}&#8220; custom_padding__hover=&#8220;|||&#8220;][\/et_pb_column][\/et_pb_row][et_pb_row _builder_version=&#8220;4.16&#8243; _module_preset=&#8220;default&#8220; locked=&#8220;off&#8220; global_colors_info=&#8220;{}&#8220;][et_pb_column type=&#8220;4_4&#8243; _builder_version=&#8220;4.16&#8243; _module_preset=&#8220;default&#8220; global_colors_info=&#8220;{}&#8220;][et_pb_divider color=&#8220;#515151&#8243; _builder_version=&#8220;4.16&#8243; z_index_tablet=&#8220;500&#8243; locked=&#8220;off&#8220; global_colors_info=&#8220;{}&#8220;][\/et_pb_divider][\/et_pb_column][\/et_pb_row][et_pb_row _builder_version=&#8220;4.16&#8243; locked=&#8220;off&#8220; global_colors_info=&#8220;{}&#8220;][et_pb_column type=&#8220;4_4&#8243; _builder_version=&#8220;4.16&#8243; custom_padding=&#8220;|||&#8220; global_colors_info=&#8220;{}&#8220; custom_padding__hover=&#8220;|||&#8220;][et_pb_text admin_label=&#8220;SPD nimmt am 9.12. 2020 um 19.00 Uhr BahnhofsGespr\u00e4che in digitaler Form wieder auf&#8220; _builder_version=&#8220;4.16&#8243; z_index_tablet=&#8220;500&#8243; global_colors_info=&#8220;{}&#8220;]<\/p>\n<p>Die SPD Bad Belzig nahm am 9.12. 2020 um 19.00 Uhr BahnhofsGespr\u00e4che in digitaler Form wieder auf<\/p>\n<h3>Wirtschaftsminister J\u00f6rg Steinbach nimmt als Gast teil<\/h3>\n<p>Es ist gut ein Jahr her, dass die SPD das letzte BahnhofsGespr\u00e4ch machen konnte. Damals war der sp\u00e4tere Parteivorsitzende\u00a0 der SPD Norbert Walter- Borjans zu Gast. Die Corona Pandemie hat alle weiteren geplanten Treffen verhindert. Das soll sich jetzt \u00e4ndern, und es geht um Corona.<\/p>\n<p>&#8222;Auch und gerade in diesen schweren Zeiten, sind politische\u00a0 Arbeit und ein politischer Diskurs notwendig&#8220;. erkl\u00e4rte der Ortsvereinsvorsitzende\u00a0 Sven Schmidt.<\/p>\n<p>&#8222;Deshalb laden wir zur digitalen Debatte \u00fcber das Thema, das uns in den vergangenen\u00a0 Monaten am meisten besch\u00e4ftigt hat: Corona&#8220; erg\u00e4nzt sein Stellvertreter Ingo Kampf.<\/p>\n<p>[\/et_pb_text][\/et_pb_column][\/et_pb_row][et_pb_row column_structure=&#8220;1_2,1_2&#8243; _builder_version=&#8220;4.16&#8243; background_size=&#8220;initial&#8220; background_position=&#8220;top_left&#8220; background_repeat=&#8220;repeat&#8220; locked=&#8220;off&#8220; global_colors_info=&#8220;{}&#8220;][et_pb_column type=&#8220;1_2&#8243; _builder_version=&#8220;4.16&#8243; custom_padding=&#8220;|||&#8220; global_colors_info=&#8220;{}&#8220; custom_padding__hover=&#8220;|||&#8220;][et_pb_image src=&#8220;https:\/\/spd-badbelzig.de\/bahnhofsgespraeche\/wp-content\/uploads\/2020\/12\/SvenSchmidt.jpg&#8220; align_tablet=&#8220;center&#8220; align_phone=&#8220;&#8220; align_last_edited=&#8220;on|desktop&#8220; admin_label=&#8220;Bild Sven Schmidt&#8220; _builder_version=&#8220;4.16&#8243; z_index_tablet=&#8220;500&#8243; box_shadow_style=&#8220;preset2&#8243; global_colors_info=&#8220;{}&#8220;][\/et_pb_image][\/et_pb_column][et_pb_column type=&#8220;1_2&#8243; _builder_version=&#8220;4.16&#8243; custom_padding=&#8220;|||&#8220; global_colors_info=&#8220;{}&#8220; custom_padding__hover=&#8220;|||&#8220;][et_pb_image src=&#8220;https:\/\/spd-badbelzig.de\/bahnhofsgespraeche\/wp-content\/uploads\/2020\/12\/IngoKampf1.jpg&#8220; align_tablet=&#8220;center&#8220; align_phone=&#8220;&#8220; align_last_edited=&#8220;on|desktop&#8220; admin_label=&#8220;Bild ingo Kampf&#8220; _builder_version=&#8220;4.16&#8243; z_index_tablet=&#8220;500&#8243; box_shadow_style=&#8220;preset1&#8243; global_colors_info=&#8220;{}&#8220;][\/et_pb_image][\/et_pb_column][\/et_pb_row][et_pb_row _builder_version=&#8220;4.16&#8243; background_size=&#8220;initial&#8220; background_position=&#8220;top_left&#8220; background_repeat=&#8220;repeat&#8220; locked=&#8220;off&#8220; global_colors_info=&#8220;{}&#8220;][et_pb_column type=&#8220;4_4&#8243; _builder_version=&#8220;4.16&#8243; custom_padding=&#8220;|||&#8220; global_colors_info=&#8220;{}&#8220; custom_padding__hover=&#8220;|||&#8220;][et_pb_text admin_label=&#8220;Auch Bad Belzig ist mittlerweile fest im Griff der Pandemie&#8220; _builder_version=&#8220;4.16&#8243; z_index_tablet=&#8220;500&#8243; global_colors_info=&#8220;{}&#8220;]<\/p>\n<p>Auch Bad Belzig ist mittlerweile fest im Griff der Pandemie. Die Reha Klinik und einzelne Schulen sind hart betrofffen. Aber die Seuche breitet sich mittlerweile auch auf diffusen Wegen immer weiter aus. Die Kliniken sind nahe an der Kapazit\u00e4tsgrenze; die Sorgen sind gro\u00df. Maskenpflicht, die Schlie\u00dfung von Restaurants und Sportstudios, Beschr\u00e4nkungen im Einzelhandel sind die Folge, um die Kontakte zu vermindern. Nur so kann die Ausbreitung des Virus einged\u00e4mmt werden. Am Horizont keimt aber auch Zuversicht durch neue Impfstoffe auf, die ein Ende der Pandemie versprechen.<\/p>\n<p>Viele der aktuellen Ma\u00dfnahmen sind umstritten. Einige halten sie f\u00fcr zu schwach, andere f\u00fcr \u00fcbertrieben. Manche, auch in Bad Belzig, leugnen grunds\u00e4tzlich die Gef\u00e4hrlichkeit des Virus, halten das ganze f\u00fcr eine Verschw\u00f6rung der Pharmaindustrie. Es besteht also Diskussionsbedarf, zumindest f\u00fcr alle, die an Aufkl\u00e4rung und Inhalten interessiert sind. Daher hat die SPD den Wirtschaftsminister des Landes Brandenburg Prof. Dr. J\u00f6rg Steinbach eingeladen, um mit ihm \u00fcber den weiteren Weg durch die Corona Krise zu reden.<\/p>\n<p>[\/et_pb_text][\/et_pb_column][\/et_pb_row][et_pb_row column_structure=&#8220;1_3,2_3&#8243; _builder_version=&#8220;4.16&#8243; background_size=&#8220;initial&#8220; background_position=&#8220;top_left&#8220; background_repeat=&#8220;repeat&#8220; locked=&#8220;off&#8220; global_colors_info=&#8220;{}&#8220;][et_pb_column type=&#8220;1_3&#8243; _builder_version=&#8220;4.16&#8243; custom_padding=&#8220;|||&#8220; global_colors_info=&#8220;{}&#8220; custom_padding__hover=&#8220;|||&#8220;][et_pb_image src=&#8220;https:\/\/spd-badbelzig.de\/bahnhofsgespraeche\/wp-content\/uploads\/2020\/12\/Joerg_Steinbach.jpg.16578113-300&#215;128.jpg&#8220; align_tablet=&#8220;center&#8220; align_phone=&#8220;&#8220; align_last_edited=&#8220;on|desktop&#8220; admin_label=&#8220;Bild Joerg_Steinbach&#8220; _builder_version=&#8220;4.16&#8243; z_index_tablet=&#8220;500&#8243; box_shadow_style=&#8220;preset2&#8243; global_colors_info=&#8220;{}&#8220;][\/et_pb_image][et_pb_text _builder_version=&#8220;4.16&#8243; header_5_font=&#8220;||on||||||&#8220; header_5_font_size=&#8220;12px&#8220; z_index_tablet=&#8220;500&#8243; global_colors_info=&#8220;{}&#8220;]<\/p>\n<h5>Quelle: Ministerium f\u00fcr Wirtschaft, Arbeit und Energie<\/h5>\n<p>[\/et_pb_text][\/et_pb_column][et_pb_column type=&#8220;2_3&#8243; _builder_version=&#8220;4.16&#8243; custom_padding=&#8220;|||&#8220; global_colors_info=&#8220;{}&#8220; custom_padding__hover=&#8220;|||&#8220;][et_pb_text admin_label=&#8220;Wie geht  es weiter mit der brandenburgischen Wirtschaft in dieser Krise? &#8220; _builder_version=&#8220;4.16&#8243; z_index_tablet=&#8220;500&#8243; global_colors_info=&#8220;{}&#8220;]<\/p>\n<p>Wie geht es weiter mit der brandenburgischen Wirtschaft in dieser Krise?<\/p>\n<p>M\u00fcssen wir uns auf weitere Beschr\u00e4nkungen einstellen? Oder verheissen die neuen Impfstoffe deren baldiges Ende?<\/p>\n<p>Diesen Fragen wird sich der Minister stellen.<\/p>\n<p>[\/et_pb_text][\/et_pb_column][\/et_pb_row][et_pb_row _builder_version=&#8220;4.16&#8243; background_size=&#8220;initial&#8220; background_position=&#8220;top_left&#8220; background_repeat=&#8220;repeat&#8220; locked=&#8220;off&#8220; global_colors_info=&#8220;{}&#8220;][et_pb_column type=&#8220;4_4&#8243; _builder_version=&#8220;4.16&#8243; custom_padding=&#8220;|||&#8220; global_colors_info=&#8220;{}&#8220; custom_padding__hover=&#8220;|||&#8220;][et_pb_text admin_label=&#8220;Videoplattform erfolgen.&#8220; _builder_version=&#8220;4.16&#8243; z_index_tablet=&#8220;500&#8243; global_colors_info=&#8220;{}&#8220;]<\/p>\n<p>Das alles muss mitten der Krise, um unn\u00f6tige Kontakte zu vermeiden, in digitaler Form \u00fcber eine Videoplattform erfolgen. Die SPD macht den Zugang so leicht wie m\u00f6glich. Jede und jeder, der \u00fcber ein Endger\u00e4t (Laptop,Handy,Tablet) mit Kamera verf\u00fcgt, kann sich \u00fcber unten stehenden LInk zuschalten und an der Debatte teilnehmen.<\/p>\n<p>\u201eWir werden dabei sein\u201c, war die spontane Reaktion unserer Fraktion in der SVV und unseres Landtagsabgeordneten G\u00fcnter Baaske. Dar\u00fcberhinaus ist jede und jeder, der bereit ist zu diskutieren, herzlich eingeladen. Unser Videosystem l\u00e4\u00dft bis zu 100 Teilnehmer zu.<\/p>\n<p>[\/et_pb_text][\/et_pb_column][\/et_pb_row][et_pb_row column_structure=&#8220;1_2,1_2&#8243; _builder_version=&#8220;4.16&#8243; background_size=&#8220;initial&#8220; background_position=&#8220;top_left&#8220; background_repeat=&#8220;repeat&#8220; locked=&#8220;off&#8220; global_colors_info=&#8220;{}&#8220;][et_pb_column type=&#8220;1_2&#8243; _builder_version=&#8220;4.16&#8243; custom_padding=&#8220;|||&#8220; global_colors_info=&#8220;{}&#8220; custom_padding__hover=&#8220;|||&#8220;][et_pb_image src=&#8220;https:\/\/spd-badbelzig.de\/bahnhofsgespraeche\/wp-content\/uploads\/2020\/12\/Freaktion2_komp.jpg&#8220; align_tablet=&#8220;center&#8220; align_phone=&#8220;&#8220; align_last_edited=&#8220;on|desktop&#8220; admin_label=&#8220;BildFraktion&#8220; _builder_version=&#8220;4.16&#8243; z_index_tablet=&#8220;500&#8243; box_shadow_style=&#8220;preset2&#8243; global_colors_info=&#8220;{}&#8220;][\/et_pb_image][\/et_pb_column][et_pb_column type=&#8220;1_2&#8243; _builder_version=&#8220;4.16&#8243; custom_padding=&#8220;|||&#8220; global_colors_info=&#8220;{}&#8220; custom_padding__hover=&#8220;|||&#8220;][et_pb_image src=&#8220;https:\/\/spd-badbelzig.de\/bahnhofsgespraeche\/wp-content\/uploads\/2020\/12\/Baaske-Guenther-SPD-September-2019.jpg.16645011.jpg&#8220; align_tablet=&#8220;center&#8220; align_phone=&#8220;&#8220; align_last_edited=&#8220;on|desktop&#8220; admin_label=&#8220;Bild G\u00fcnter Baaske&#8220; _builder_version=&#8220;4.16&#8243; z_index_tablet=&#8220;500&#8243; box_shadow_style=&#8220;preset1&#8243; global_colors_info=&#8220;{}&#8220;][\/et_pb_image][\/et_pb_column][\/et_pb_row][et_pb_row _builder_version=&#8220;4.16&#8243; background_size=&#8220;initial&#8220; background_position=&#8220;top_left&#8220; background_repeat=&#8220;repeat&#8220; locked=&#8220;off&#8220; global_colors_info=&#8220;{}&#8220;][et_pb_column type=&#8220;4_4&#8243; _builder_version=&#8220;4.16&#8243; custom_padding=&#8220;|||&#8220; global_colors_info=&#8220;{}&#8220; custom_padding__hover=&#8220;|||&#8220;][et_pb_text admin_label=&#8220;\u201eWir kommen auch\u201c&#8220; _builder_version=&#8220;4.16&#8243; z_index_tablet=&#8220;500&#8243; global_colors_info=&#8220;{}&#8220;]\u201eWir kommen auch\u201c, k\u00fcndigen unsere Sachkundigen B\u00fcrger in der SVV, Barbara Weigel, Wolfgang Biedermann und J\u00f6rg Breulman an.<br \/>\n[\/et_pb_text][\/et_pb_column][\/et_pb_row][et_pb_row column_structure=&#8220;1_3,1_3,1_3&#8243; _builder_version=&#8220;4.16&#8243; background_size=&#8220;initial&#8220; background_position=&#8220;top_left&#8220; background_repeat=&#8220;repeat&#8220; locked=&#8220;off&#8220; global_colors_info=&#8220;{}&#8220;][et_pb_column type=&#8220;1_3&#8243; _builder_version=&#8220;4.16&#8243; custom_padding=&#8220;|||&#8220; global_colors_info=&#8220;{}&#8220; custom_padding__hover=&#8220;|||&#8220;][et_pb_image src=&#8220;https:\/\/spd-badbelzig.de\/bahnhofsgespraeche\/wp-content\/uploads\/2020\/12\/BarbaraWeigel9001000.jpg&#8220; align_tablet=&#8220;center&#8220; align_phone=&#8220;&#8220; align_last_edited=&#8220;on|desktop&#8220; admin_label=&#8220;Bild Barbara Weigel&#8220; _builder_version=&#8220;4.16&#8243; z_index_tablet=&#8220;500&#8243; box_shadow_style=&#8220;preset2&#8243; global_colors_info=&#8220;{}&#8220;][\/et_pb_image][\/et_pb_column][et_pb_column type=&#8220;1_3&#8243; _builder_version=&#8220;4.16&#8243; custom_padding=&#8220;|||&#8220; global_colors_info=&#8220;{}&#8220; custom_padding__hover=&#8220;|||&#8220;][et_pb_image src=&#8220;https:\/\/spd-badbelzig.de\/bahnhofsgespraeche\/wp-content\/uploads\/2020\/12\/WolfgangBiedermann.jpg&#8220; align_tablet=&#8220;center&#8220; align_phone=&#8220;&#8220; align_last_edited=&#8220;on|desktop&#8220; admin_label=&#8220;Bild wolfgang Biedermann&#8220; _builder_version=&#8220;4.16&#8243; z_index_tablet=&#8220;500&#8243; box_shadow_style=&#8220;preset1&#8243; global_colors_info=&#8220;{}&#8220;][\/et_pb_image][\/et_pb_column][et_pb_column type=&#8220;1_3&#8243; _builder_version=&#8220;4.16&#8243; custom_padding=&#8220;|||&#8220; global_colors_info=&#8220;{}&#8220; custom_padding__hover=&#8220;|||&#8220;][et_pb_image src=&#8220;https:\/\/spd-badbelzig.de\/bahnhofsgespraeche\/wp-content\/uploads\/2020\/12\/JoergBreulmann.jpg&#8220; align_tablet=&#8220;center&#8220; align_phone=&#8220;&#8220; align_last_edited=&#8220;on|desktop&#8220; admin_label=&#8220;Bild Joerg Breulmann&#8220; _builder_version=&#8220;4.16&#8243; z_index_tablet=&#8220;500&#8243; box_shadow_style=&#8220;preset1&#8243; global_colors_info=&#8220;{}&#8220;][\/et_pb_image][\/et_pb_column][\/et_pb_row][et_pb_row _builder_version=&#8220;4.16&#8243; background_size=&#8220;initial&#8220; background_position=&#8220;top_left&#8220; background_repeat=&#8220;repeat&#8220; locked=&#8220;off&#8220; global_colors_info=&#8220;{}&#8220;][et_pb_column type=&#8220;4_4&#8243; _builder_version=&#8220;4.16&#8243; custom_padding=&#8220;|||&#8220; global_colors_info=&#8220;{}&#8220; custom_padding__hover=&#8220;|||&#8220;][et_pb_divider color=&#8220;#e02b20&#8243; _builder_version=&#8220;4.16&#8243; custom_padding=&#8220;20px||20px|&#8220; z_index_tablet=&#8220;500&#8243; global_colors_info=&#8220;{}&#8220;][\/et_pb_divider][et_pb_text _builder_version=&#8220;4.16&#8243; z_index_tablet=&#8220;500&#8243; global_colors_info=&#8220;{}&#8220;]<\/p>\n<h1>Norbert Walter-Borjans im November 2019 bei den Bahnhofgespr\u00e4chen in Bad Belzig<\/h1>\n<p>[\/et_pb_text][\/et_pb_column][\/et_pb_row][et_pb_row column_structure=&#8220;3_5,2_5&#8243; _builder_version=&#8220;4.16&#8243; background_size=&#8220;initial&#8220; background_position=&#8220;top_left&#8220; background_repeat=&#8220;repeat&#8220; locked=&#8220;off&#8220; global_colors_info=&#8220;{}&#8220;][et_pb_column type=&#8220;3_5&#8243; _builder_version=&#8220;4.16&#8243; custom_padding=&#8220;|||&#8220; global_colors_info=&#8220;{}&#8220; custom_padding__hover=&#8220;|||&#8220;][et_pb_text _builder_version=&#8220;4.16&#8243; z_index_tablet=&#8220;500&#8243; global_colors_info=&#8220;{}&#8220;]<\/p>\n<h3>Der Kandidat f\u00fcr den SPD Parteivorsitz kommt nach Bad Belzig<\/h3>\n<p>Er war Finanzminister in NRW. Dort hat er sich nicht nur einen Namen wegen seiner klugen Finanzpolitik f\u00fcr das Bev\u00f6lkerungsreichste Bundesland gemacht, sondern vor allem wegen seiner beharrlichen Verfolgung von Steuers\u00fcndern. <\/p>\n<p>\u00dcberregionale Bekanntheit erreichte er durch den Ankauf sogenannter Steuer CDs aus der Schweiz, die es erm\u00f6glichten viele, darunter prominente Steuers\u00fcnder zu \u00fcberf\u00fchren.<\/p>\n<p>Zugleich hat er versucht, aus seiner Arbeit als Finanzminister Lehren f\u00fcr eine gerechte Steuerpolitik zu ziehen und politisch umzusetzen. \u00dcber seine Erfahrungen in der Steuerpolitik hat er ein Buch geschrieben, das zeigt, wie schwierig es in Deutschland ist, eine Steuerpolitik zu machen, die nicht nur Priveligierten nutzt, sondern breiten Bev\u00f6lkerungsschichten zu Gute kommt. Aus diesem Erfahrungsschatz wird er berichten.<\/p>\n<p>Seine bisherige politische Arbeit hat ihn aber auch dazu gebracht, sich zusammen mit Saskia Esken um den Parteivorsitz der SPD zu bewerben.<\/p>\n<p>[\/et_pb_text][\/et_pb_column][et_pb_column type=&#8220;2_5&#8243; _builder_version=&#8220;4.16&#8243; custom_padding=&#8220;|||&#8220; global_colors_info=&#8220;{}&#8220; custom_padding__hover=&#8220;|||&#8220;][et_pb_image src=&#8220;https:\/\/spd-badbelzig.de\/bahnhofsgespraeche\/wp-content\/uploads\/2019\/11\/Nowabo_1b.jpg&#8220; align_tablet=&#8220;center&#8220; align_phone=&#8220;&#8220; align_last_edited=&#8220;on|desktop&#8220; _builder_version=&#8220;4.16&#8243; z_index_tablet=&#8220;500&#8243; box_shadow_style=&#8220;preset2&#8243; global_colors_info=&#8220;{}&#8220;][\/et_pb_image][\/et_pb_column][\/et_pb_row][et_pb_row _builder_version=&#8220;4.16&#8243; background_size=&#8220;initial&#8220; background_position=&#8220;top_left&#8220; background_repeat=&#8220;repeat&#8220; locked=&#8220;off&#8220; global_colors_info=&#8220;{}&#8220;][et_pb_column type=&#8220;4_4&#8243; _builder_version=&#8220;4.16&#8243; custom_padding=&#8220;|||&#8220; global_colors_info=&#8220;{}&#8220; custom_padding__hover=&#8220;|||&#8220;][et_pb_text _builder_version=&#8220;4.16&#8243; z_index_tablet=&#8220;500&#8243; global_colors_info=&#8220;{}&#8220;]<\/p>\n<p>Das BahnhofsGespr\u00e4ch gibt denn auch Gelegenheit, Norbert Walter-Borjans zu seinen Vorstellungen \u00fcber die weitere Zukunft der SPD zu befragen.<\/p>\n<p>Mehr Informationen gibt es dazu hier:\u00a0<a href=\"https:\/\/unsere.spd.de\/kandidierende\/esken-walter-borjans\/\" target=\"_blank\" rel=\"noopener noreferrer\">https:\/\/unsere.spd.de\/kandidierende\/esken-walter-borjans\/<\/a><\/p>\n<p>und hier:\u00a0<a href=\"https:\/\/de.wikipedia.org\/wiki\/Norbert_Walter-Borjans\" target=\"_blank\" rel=\"noopener noreferrer\">https:\/\/de.wikipedia.org\/wiki\/Norbert_Walter-Borjans<\/a><\/p>\n<p>Die\u00a0 Diskussionen d\u00fcrften spannend\u00a0 werden. <br \/>Wir empfehlen rechtzeitiges Erscheinen im Fl\u00e4ming Bahnhof, da der Platz begrenzt ist.<\/p>\n<p>[\/et_pb_text][\/et_pb_column][\/et_pb_row][et_pb_row _builder_version=&#8220;4.16&#8243; _module_preset=&#8220;default&#8220; global_colors_info=&#8220;{}&#8220;][et_pb_column type=&#8220;4_4&#8243; _builder_version=&#8220;4.16&#8243; _module_preset=&#8220;default&#8220; global_colors_info=&#8220;{}&#8220;][et_pb_divider color=&#8220;#515151&#8243; _builder_version=&#8220;4.16&#8243; z_index_tablet=&#8220;500&#8243; locked=&#8220;off&#8220; global_colors_info=&#8220;{}&#8220;][\/et_pb_divider][et_pb_text admin_label=&#8220;Termin und Uhrzeit Oktober&#8220; _builder_version=&#8220;4.16&#8243; z_index_tablet=&#8220;500&#8243; locked=&#8220;off&#8220; global_colors_info=&#8220;{}&#8220;]<\/p>\n<p>Das dritte <strong>BahnhofsGespr\u00e4ch<\/strong> findet am<strong> 22.10.2019 um 19.00 Uhr<\/strong> im Fl\u00e4ming Bahnhof Bad Belzig statt.<\/p>\n<p>[\/et_pb_text][\/et_pb_column][\/et_pb_row][et_pb_row column_structure=&#8220;3_4,1_4&#8243; _builder_version=&#8220;4.16&#8243; background_size=&#8220;initial&#8220; background_position=&#8220;top_left&#8220; background_repeat=&#8220;repeat&#8220; global_colors_info=&#8220;{}&#8220;][et_pb_column type=&#8220;3_4&#8243; _builder_version=&#8220;4.16&#8243; custom_padding=&#8220;|||&#8220; global_colors_info=&#8220;{}&#8220; custom_padding__hover=&#8220;|||&#8220;][et_pb_text admin_label=&#8220;Thema: Pflege \u2013 was nun????&#8220; _builder_version=&#8220;4.16&#8243; z_index_tablet=&#8220;500&#8243; global_colors_info=&#8220;{}&#8220;]<\/p>\n<h3>Thema: Pflege \u2013 was nun????<\/h3>\n<p>22. Oktober 2019, 19.00 Uhr im Fl\u00e4ming Bahnhof<br \/>Referent: Frank Gr\u00fcnert, Schauspieler und Regisseur des Theaterst\u00fccks &#8222;Dementia&#8220;<\/p>\n<p><strong>1. Teil: \u00a1Letztes Kapitel! \u2013 45 Minuten Theater!<\/strong><\/p>\n<p>Eine sinnlich-theatralische Betrachtung \u00fcber Demenz, Leben, Leiden, Freude und Tod mit Puppen und Poesie<br \/>Begleiten Sie den an Alzheimer erkrankten Michael und seine Familie von den ersten Anzeichen der Erkrankung, \u00fcber die Diagnose bis in das letzte Jahr. (Frank Gr\u00fcnert \u2013 Stadt- und Burgtheater Bad Belzig)<\/p>\n<p><strong>2. Teil: Gespr\u00e4ch<\/strong><\/p>\n<p><strong>Gespr\u00e4chspartner:<br \/><\/strong>Sylvana Kropstat, ev. Diakonissenhaus, Beratungszentrum Bad Belzig<br \/>Anne Baaske<strong>,<\/strong> Stadtverordnete, Gesch\u00e4ftsf\u00fchrerin AWO-Landesverband Brandenburg<\/p>\n<p>[\/et_pb_text][\/et_pb_column][et_pb_column type=&#8220;1_4&#8243; _builder_version=&#8220;4.16&#8243; custom_padding=&#8220;|||&#8220; global_colors_info=&#8220;{}&#8220; custom_padding__hover=&#8220;|||&#8220;][et_pb_image src=&#8220;https:\/\/spd-badbelzig.de\/bahnhofsgespraeche\/wp-content\/uploads\/2019\/09\/FrankGruenert.jpg&#8220; align_tablet=&#8220;center&#8220; align_phone=&#8220;&#8220; align_last_edited=&#8220;on|desktop&#8220; _builder_version=&#8220;4.16&#8243; z_index_tablet=&#8220;500&#8243; global_colors_info=&#8220;{}&#8220;][\/et_pb_image][et_pb_text _builder_version=&#8220;4.16&#8243; z_index_tablet=&#8220;500&#8243; global_colors_info=&#8220;{}&#8220;]<\/p>\n<p>Frank Gr\u00fcnert \u2013 Stadt- und Burgtheater Bad Belzig<\/p>\n<p>[\/et_pb_text][\/et_pb_column][\/et_pb_row][et_pb_row _builder_version=&#8220;4.16&#8243; global_colors_info=&#8220;{}&#8220;][et_pb_column type=&#8220;4_4&#8243; _builder_version=&#8220;4.16&#8243; custom_padding=&#8220;|||&#8220; global_colors_info=&#8220;{}&#8220; custom_padding__hover=&#8220;|||&#8220;][et_pb_divider color=&#8220;#515151&#8243; _builder_version=&#8220;4.16&#8243; z_index_tablet=&#8220;500&#8243; global_colors_info=&#8220;{}&#8220;][\/et_pb_divider][et_pb_text admin_label=&#8220;Termin und Uhrzeit 28.8.&#8220; _builder_version=&#8220;4.16&#8243; z_index_tablet=&#8220;500&#8243; global_colors_info=&#8220;{}&#8220;]<\/p>\n<p>Das zweite <strong>BahnhofsGespr\u00e4ch<\/strong> fand am<strong> 27.08.2019 um 19.00 Uhr<\/strong> im Fl\u00e4ming Bahnhof Bad Belzig statt.<\/p>\n<p>&nbsp;<\/p>\n<h3>Thema: Smart Village \u2013 So geht Zukunft<\/h3>\n<p>[\/et_pb_text][\/et_pb_column][\/et_pb_row][et_pb_row column_structure=&#8220;3_4,1_4&#8243; _builder_version=&#8220;4.16&#8243; background_size=&#8220;initial&#8220; background_position=&#8220;top_left&#8220; background_repeat=&#8220;repeat&#8220; global_colors_info=&#8220;{}&#8220;][et_pb_column type=&#8220;3_4&#8243; _builder_version=&#8220;4.16&#8243; custom_padding=&#8220;|||&#8220; global_colors_info=&#8220;{}&#8220; custom_padding__hover=&#8220;|||&#8220;][et_pb_text admin_label=&#8220;Referentin&#8220; _builder_version=&#8220;4.16&#8243; z_index_tablet=&#8220;500&#8243; global_colors_info=&#8220;{}&#8220;]<\/p>\n<p>Referentin ist&nbsp; Dr. Ursula Weidenfeld&nbsp; von der Landesmedienanstalt Potsdam.<\/p>\n<p>Die erfahrene Journalistin und Moderatorin wird insbesondere \u00fcber die Rolle lokaler Medien im Zeitalter der Digitalisierung sprechen.<\/p>\n<p>Dieses Thema hat vor dem Hintergrund des offenkundigen Zerfalls des bisher \u00fcblichen, auf Printmedien konzentrierten Lokaljournalismus und dem gleichzeitigen Aufstieg sozialer Netzwerke wie Facebook und Instagramm hohe Brisanz.<br \/>Wo tragen wir in Zukunft unsere lokalpolitischen Diskurse aus? Sind wir den Spielregeln und dem Datenhunger von Facebook und Co ausgeliefert oder gibt es Alternativen?<\/p>\n<p><strong>Antworten am 27.8.2019 um 19.00 Uhr im Fl\u00e4ming Bahnhof.<\/strong><\/p>\n<p>[\/et_pb_text][et_pb_text admin_label=&#8220;Thema&#8220; _builder_version=&#8220;4.16&#8243; z_index_tablet=&#8220;500&#8243; global_colors_info=&#8220;{}&#8220;]<\/p>\n<p>\nweiterf\u00fchrend:<\/p>\n<p><a href=\"https:\/\/www.mabb.de\/smart-village.html\" rel=\"noopener noreferrer\" target=\"_blank\"><img loading=\"lazy\" decoding=\"async\" src=\"https:\/\/spd-badbelzig.de\/bahnhofsgespraeche\/wp-content\/uploads\/2019\/06\/pfeilweiter.jpg\" alt=\"\" width=\"11\" height=\"8\" class=\"alignnone size-full wp-image-72\"> Smart Village \u2013 Die digitale Zukunft l\u00e4ndlichen Raums<\/a><\/p>\n<p><a href=\"https:\/\/www.mabb.de\/foerderung\/digitale-projekte\/smart-village\/details\/bad-belzig-wird-das-smart-village-brandenburgs\/bad-belzig-wird-smart-village-212.html\" rel=\"noopener noreferrer\" target=\"_blank\"><img loading=\"lazy\" decoding=\"async\" src=\"https:\/\/spd-badbelzig.de\/bahnhofsgespraeche\/wp-content\/uploads\/2019\/06\/pfeilweiter.jpg\" alt=\"\" width=\"11\" height=\"8\" class=\"alignnone size-full wp-image-72\">Bad Belzig wird das Smart Village Brandenburgs<\/a><\/p>\n<p>[\/et_pb_text][\/et_pb_column][et_pb_column type=&#8220;1_4&#8243; _builder_version=&#8220;4.16&#8243; custom_padding=&#8220;|||&#8220; global_colors_info=&#8220;{}&#8220; custom_padding__hover=&#8220;|||&#8220;][et_pb_image src=&#8220;https:\/\/spd-badbelzig.de\/bahnhofsgespraeche\/wp-content\/uploads\/2019\/06\/UrsulaWeidenfeld.jpg&#8220; align_tablet=&#8220;center&#8220; align_phone=&#8220;&#8220; align_last_edited=&#8220;on|desktop&#8220; _builder_version=&#8220;4.16&#8243; z_index_tablet=&#8220;500&#8243; global_colors_info=&#8220;{}&#8220;][\/et_pb_image][et_pb_text _builder_version=&#8220;4.16&#8243; z_index_tablet=&#8220;500&#8243; global_colors_info=&#8220;{}&#8220;]<\/p>\n<p>\n<img loading=\"lazy\" decoding=\"async\" class=\"alignnone wp-image-72 size-full\" src=\"https:\/\/spd-badbelzig.de\/bahnhofsgespraeche\/wp-content\/uploads\/2019\/06\/pfeilweiter.jpg\" alt=\"\" width=\"11\" height=\"8\" \/><span style=\"color: #333333;\"><a style=\"color: #333333;\" href=\"https:\/\/de.wikipedia.org\/wiki\/Ursula_Weidenfeld\" target=\"_blank\" rel=\"noopener noreferrer\">Ursula Weidenfeld (Wikipedia)<\/a> <\/span><\/p>\n<p>[\/et_pb_text][\/et_pb_column][\/et_pb_row][et_pb_row _builder_version=&#8220;4.16&#8243; background_size=&#8220;initial&#8220; background_position=&#8220;top_left&#8220; background_repeat=&#8220;repeat&#8220; global_colors_info=&#8220;{}&#8220;][et_pb_column type=&#8220;4_4&#8243; _builder_version=&#8220;4.16&#8243; custom_padding=&#8220;|||&#8220; global_colors_info=&#8220;{}&#8220; custom_padding__hover=&#8220;|||&#8220;][et_pb_divider color=&#8220;#515151&#8243; _builder_version=&#8220;4.16&#8243; z_index_tablet=&#8220;500&#8243; global_colors_info=&#8220;{}&#8220;][\/et_pb_divider][et_pb_text admin_label=&#8220;Termin und Uhrzeit 14.08.2019&#8243; _builder_version=&#8220;4.16&#8243; z_index_tablet=&#8220;500&#8243; global_colors_info=&#8220;{}&#8220;]<\/p>\n<p>Das erste <strong>BahnhofsGespr\u00e4ch<\/strong> fand am<strong> 14.08.2019 um 19.00 Uhr<\/strong> im Fl\u00e4ming Bahnhof Bad Belzig statt.<\/p>\n<p>&nbsp;<\/p>\n<h3>Thema: Wie geht Klimaschutz regional?<\/h3>\n<p>Aus aktuellem Anlass neu: Ein BahnhofsGespr\u00e4ch mit dem brandenburgischen Wirtschaftsminister und weiteren  Experten. <\/p>\n<p>Klimaschutz ist ein wichtiges Thema \u2013 und in aller Munde. Mit der Fridays for Future-Bewegung werden Themen der Nachhaltigkeit gerade von jungen Menschen bewegt. \u00dcber m\u00f6gliche Ma\u00dfnahmen ins Gespr\u00e4ch zu kommen und gemeinsam an L\u00f6sungen zu arbeiten, ist eine wichtige Grundlage f\u00fcr die Zukunftsf\u00e4higkeit unserer Region und dar\u00fcber hinaus.<br \/>\nProf. J\u00f6rg Steinbach (Minister f\u00fcr Wirtschaft und Energie) wird Stand der Energiewende und die grunds\u00e4tzliche Notwendigkeit des Ausbaus der Windkraft zum Stand der Energiewende und der grunds\u00e4tzliche Notwendigkeit des Ausbaus der Windkraft Auskunft geben.<br \/>\nDazu wird Barbara Ral den Ma\u00dfnahmenkatalogs des Klimaschutzkonzepts f\u00fcr den Landkreis Potsdam-Mittelmark vorstellen und es soll vor allem um die M\u00f6glichkeiten der Nutzung alternativer Energiequellen in unserer Region \u2013 insbesondere der Windkraft- gehen.<\/p>\n<p>[\/et_pb_text][\/et_pb_column][\/et_pb_row][et_pb_row column_structure=&#8220;3_4,1_4&#8243; _builder_version=&#8220;4.16&#8243; background_size=&#8220;initial&#8220; background_position=&#8220;top_left&#8220; background_repeat=&#8220;repeat&#8220; global_colors_info=&#8220;{}&#8220;][et_pb_column type=&#8220;3_4&#8243; _builder_version=&#8220;4.16&#8243; custom_padding=&#8220;|||&#8220; global_colors_info=&#8220;{}&#8220; custom_padding__hover=&#8220;|||&#8220;][et_pb_text admin_label=&#8220;Referentin&#8220; _builder_version=&#8220;4.16&#8243; z_index_tablet=&#8220;500&#8243; global_colors_info=&#8220;{}&#8220;]<\/p>\n<p><strong>Prof. J\u00f6rg Steinbach<\/strong> (Minister f\u00fcr Wirtschaft und Energie) wird Stand der Energiewende und die grunds\u00e4tzliche Notwendigkeit des Ausbaus der Windkraft zum Stand der Energiewende und der grunds\u00e4tzliche Notwendigkeit des Ausbaus der Windkraft Auskunft geben.<\/p>\n<p>Dazu wird<strong> Barbara Ral<\/strong>, Klimaschutzmanagerin des Landkreises Potsdam-Mittelmark, den Ma\u00dfnahmenkatalogs des Klimaschutzkonzepts f\u00fcr den Landkreis Potsdam-Mittelmark vorstellen und es soll vor allem um die M\u00f6glichkeiten der Nutzung alternativer Energiequellen in unserer Region \u2013 insbesondere der Windkraft- gehen.<br \/>\n<strong><br \/>\nLutz Klauber<\/strong>, Leiter der Planungsstelle &#8222;Regionale Planungsgemeinschaft Havelland-Fl\u00e4ming&#8220;<\/p>\n<p>[\/et_pb_text][\/et_pb_column][et_pb_column type=&#8220;1_4&#8243; _builder_version=&#8220;4.16&#8243; custom_padding=&#8220;|||&#8220; global_colors_info=&#8220;{}&#8220; custom_padding__hover=&#8220;|||&#8220;][\/et_pb_column][\/et_pb_row][\/et_pb_section]<\/p>\n","protected":false},"excerpt":{"rendered":"<p>BAHNHOFSGESPR\u00c4CHE BAD BELZIGBahnhofsGespr\u00e4che\u00a0Vergangene Verantstaltungen Bad Belzig Bahnh\u00f6fe sind Begegnungsorte. Die SPD Bad Belzig m\u00f6chte den Fl\u00e4ming Bahnhof nutzen, um den B\u00fcrgerinnen und B\u00fcrgern von Bad Belzig Gelegenheit zu Begegnungen mit politischen Themen und Personen von Bedeutung zu geben. Hier finden Sie die\u00a0 BahnhofsGespr\u00e4che in unserem Bahnhof, die 2019 schon stattgefunden haben.Freitag, 21. April 2023 um [&hellip;]<\/p>\n","protected":false},"author":1,"featured_media":0,"parent":0,"menu_order":2,"comment_status":"closed","ping_status":"closed","template":"","meta":{"_et_pb_use_builder":"on","_et_pb_old_content":"","_et_gb_content_width":"","footnotes":""},"dipi_cpt_category":[],"yoast_head":"<!-- This site is optimized with the Yoast SEO plugin v22.6 - https:\/\/yoast.com\/wordpress\/plugins\/seo\/ -->\n<title>Vergangene Veranstaltungen - Bahnhofsgespr\u00e4che<\/title>\n<meta name=\"robots\" content=\"index, follow, max-snippet:-1, max-image-preview:large, max-video-preview:-1\" \/>\n<link rel=\"canonical\" href=\"https:\/\/spd-badbelzig.de\/bahnhofsgespraeche\/vergangene-veranstaltungen\/\" \/>\n<meta property=\"og:locale\" content=\"de_DE\" \/>\n<meta property=\"og:type\" content=\"article\" \/>\n<meta property=\"og:title\" content=\"Vergangene Veranstaltungen - Bahnhofsgespr\u00e4che\" \/>\n<meta property=\"og:description\" content=\"BAHNHOFSGESPR\u00c4CHE BAD BELZIGBahnhofsGespr\u00e4che\u00a0Vergangene Verantstaltungen Bad Belzig Bahnh\u00f6fe sind Begegnungsorte. Die SPD Bad Belzig m\u00f6chte den Fl\u00e4ming Bahnhof nutzen, um den B\u00fcrgerinnen und B\u00fcrgern von Bad Belzig Gelegenheit zu Begegnungen mit politischen Themen und Personen von Bedeutung zu geben. Hier finden Sie die\u00a0 BahnhofsGespr\u00e4che in unserem Bahnhof, die 2019 schon stattgefunden haben.Freitag, 21. April 2023 um [&hellip;]\" \/>\n<meta property=\"og:url\" content=\"https:\/\/spd-badbelzig.de\/bahnhofsgespraeche\/vergangene-veranstaltungen\/\" \/>\n<meta property=\"og:site_name\" content=\"Bahnhofsgespr\u00e4che\" \/>\n<meta property=\"article:publisher\" content=\"https:\/\/www.facebook.com\/SPD-Bad-Belzig-570995763395730\/\" \/>\n<meta property=\"article:modified_time\" content=\"2024-04-12T19:26:03+00:00\" \/>\n<meta property=\"og:image\" content=\"https:\/\/spd-badbelzig.de\/bahnhofsgespraeche\/wp-content\/uploads\/2019\/06\/pfeilweiter.jpg\" \/>\n<meta name=\"twitter:card\" content=\"summary_large_image\" \/>\n<meta name=\"twitter:label1\" content=\"Gesch\u00e4tzte Lesezeit\" \/>\n\t<meta name=\"twitter:data1\" content=\"33\u00a0Minuten\" \/>\n<script type=\"application\/ld+json\" class=\"yoast-schema-graph\">{\"@context\":\"https:\/\/schema.org\",\"@graph\":[{\"@type\":\"WebPage\",\"@id\":\"https:\/\/spd-badbelzig.de\/bahnhofsgespraeche\/vergangene-veranstaltungen\/\",\"url\":\"https:\/\/spd-badbelzig.de\/bahnhofsgespraeche\/vergangene-veranstaltungen\/\",\"name\":\"Vergangene Veranstaltungen - Bahnhofsgespr\u00e4che\",\"isPartOf\":{\"@id\":\"https:\/\/spd-badbelzig.de\/bahnhofsgespraeche\/#website\"},\"primaryImageOfPage\":{\"@id\":\"https:\/\/spd-badbelzig.de\/bahnhofsgespraeche\/vergangene-veranstaltungen\/#primaryimage\"},\"image\":{\"@id\":\"https:\/\/spd-badbelzig.de\/bahnhofsgespraeche\/vergangene-veranstaltungen\/#primaryimage\"},\"thumbnailUrl\":\"https:\/\/spd-badbelzig.de\/bahnhofsgespraeche\/wp-content\/uploads\/2019\/06\/pfeilweiter.jpg\",\"datePublished\":\"2019-11-11T16:39:54+00:00\",\"dateModified\":\"2024-04-12T19:26:03+00:00\",\"breadcrumb\":{\"@id\":\"https:\/\/spd-badbelzig.de\/bahnhofsgespraeche\/vergangene-veranstaltungen\/#breadcrumb\"},\"inLanguage\":\"de\",\"potentialAction\":[{\"@type\":\"ReadAction\",\"target\":[\"https:\/\/spd-badbelzig.de\/bahnhofsgespraeche\/vergangene-veranstaltungen\/\"]}]},{\"@type\":\"ImageObject\",\"inLanguage\":\"de\",\"@id\":\"https:\/\/spd-badbelzig.de\/bahnhofsgespraeche\/vergangene-veranstaltungen\/#primaryimage\",\"url\":\"https:\/\/spd-badbelzig.de\/bahnhofsgespraeche\/wp-content\/uploads\/2019\/06\/pfeilweiter.jpg\",\"contentUrl\":\"https:\/\/spd-badbelzig.de\/bahnhofsgespraeche\/wp-content\/uploads\/2019\/06\/pfeilweiter.jpg\",\"width\":11,\"height\":8},{\"@type\":\"BreadcrumbList\",\"@id\":\"https:\/\/spd-badbelzig.de\/bahnhofsgespraeche\/vergangene-veranstaltungen\/#breadcrumb\",\"itemListElement\":[{\"@type\":\"ListItem\",\"position\":1,\"name\":\"Startseite\",\"item\":\"https:\/\/spd-badbelzig.de\/bahnhofsgespraeche\/\"},{\"@type\":\"ListItem\",\"position\":2,\"name\":\"Vergangene Veranstaltungen\"}]},{\"@type\":\"WebSite\",\"@id\":\"https:\/\/spd-badbelzig.de\/bahnhofsgespraeche\/#website\",\"url\":\"https:\/\/spd-badbelzig.de\/bahnhofsgespraeche\/\",\"name\":\"Bahnhofsgespr\u00e4che\",\"description\":\"Wir reden miteinander\",\"publisher\":{\"@id\":\"https:\/\/spd-badbelzig.de\/bahnhofsgespraeche\/#organization\"},\"potentialAction\":[{\"@type\":\"SearchAction\",\"target\":{\"@type\":\"EntryPoint\",\"urlTemplate\":\"https:\/\/spd-badbelzig.de\/bahnhofsgespraeche\/?s={search_term_string}\"},\"query-input\":\"required name=search_term_string\"}],\"inLanguage\":\"de\"},{\"@type\":\"Organization\",\"@id\":\"https:\/\/spd-badbelzig.de\/bahnhofsgespraeche\/#organization\",\"name\":\"SPD Bad Belzig\",\"url\":\"https:\/\/spd-badbelzig.de\/bahnhofsgespraeche\/\",\"logo\":{\"@type\":\"ImageObject\",\"inLanguage\":\"de\",\"@id\":\"https:\/\/spd-badbelzig.de\/bahnhofsgespraeche\/#\/schema\/logo\/image\/\",\"url\":\"https:\/\/spd-badbelzig.de\/bahnhofsgespraeche\/wp-content\/uploads\/2019\/06\/Bahnhof4rot4.jpg\",\"contentUrl\":\"https:\/\/spd-badbelzig.de\/bahnhofsgespraeche\/wp-content\/uploads\/2019\/06\/Bahnhof4rot4.jpg\",\"width\":2000,\"height\":1000,\"caption\":\"SPD Bad Belzig\"},\"image\":{\"@id\":\"https:\/\/spd-badbelzig.de\/bahnhofsgespraeche\/#\/schema\/logo\/image\/\"},\"sameAs\":[\"https:\/\/www.facebook.com\/SPD-Bad-Belzig-570995763395730\/\"]}]}<\/script>\n<!-- \/ Yoast SEO plugin. -->","yoast_head_json":{"title":"Vergangene Veranstaltungen - Bahnhofsgespr\u00e4che","robots":{"index":"index","follow":"follow","max-snippet":"max-snippet:-1","max-image-preview":"max-image-preview:large","max-video-preview":"max-video-preview:-1"},"canonical":"https:\/\/spd-badbelzig.de\/bahnhofsgespraeche\/vergangene-veranstaltungen\/","og_locale":"de_DE","og_type":"article","og_title":"Vergangene Veranstaltungen - Bahnhofsgespr\u00e4che","og_description":"BAHNHOFSGESPR\u00c4CHE BAD BELZIGBahnhofsGespr\u00e4che\u00a0Vergangene Verantstaltungen Bad Belzig Bahnh\u00f6fe sind Begegnungsorte. Die SPD Bad Belzig m\u00f6chte den Fl\u00e4ming Bahnhof nutzen, um den B\u00fcrgerinnen und B\u00fcrgern von Bad Belzig Gelegenheit zu Begegnungen mit politischen Themen und Personen von Bedeutung zu geben. Hier finden Sie die\u00a0 BahnhofsGespr\u00e4che in unserem Bahnhof, die 2019 schon stattgefunden haben.Freitag, 21. April 2023 um [&hellip;]","og_url":"https:\/\/spd-badbelzig.de\/bahnhofsgespraeche\/vergangene-veranstaltungen\/","og_site_name":"Bahnhofsgespr\u00e4che","article_publisher":"https:\/\/www.facebook.com\/SPD-Bad-Belzig-570995763395730\/","article_modified_time":"2024-04-12T19:26:03+00:00","og_image":[{"url":"https:\/\/spd-badbelzig.de\/bahnhofsgespraeche\/wp-content\/uploads\/2019\/06\/pfeilweiter.jpg"}],"twitter_card":"summary_large_image","twitter_misc":{"Gesch\u00e4tzte Lesezeit":"33\u00a0Minuten"},"schema":{"@context":"https:\/\/schema.org","@graph":[{"@type":"WebPage","@id":"https:\/\/spd-badbelzig.de\/bahnhofsgespraeche\/vergangene-veranstaltungen\/","url":"https:\/\/spd-badbelzig.de\/bahnhofsgespraeche\/vergangene-veranstaltungen\/","name":"Vergangene Veranstaltungen - Bahnhofsgespr\u00e4che","isPartOf":{"@id":"https:\/\/spd-badbelzig.de\/bahnhofsgespraeche\/#website"},"primaryImageOfPage":{"@id":"https:\/\/spd-badbelzig.de\/bahnhofsgespraeche\/vergangene-veranstaltungen\/#primaryimage"},"image":{"@id":"https:\/\/spd-badbelzig.de\/bahnhofsgespraeche\/vergangene-veranstaltungen\/#primaryimage"},"thumbnailUrl":"https:\/\/spd-badbelzig.de\/bahnhofsgespraeche\/wp-content\/uploads\/2019\/06\/pfeilweiter.jpg","datePublished":"2019-11-11T16:39:54+00:00","dateModified":"2024-04-12T19:26:03+00:00","breadcrumb":{"@id":"https:\/\/spd-badbelzig.de\/bahnhofsgespraeche\/vergangene-veranstaltungen\/#breadcrumb"},"inLanguage":"de","potentialAction":[{"@type":"ReadAction","target":["https:\/\/spd-badbelzig.de\/bahnhofsgespraeche\/vergangene-veranstaltungen\/"]}]},{"@type":"ImageObject","inLanguage":"de","@id":"https:\/\/spd-badbelzig.de\/bahnhofsgespraeche\/vergangene-veranstaltungen\/#primaryimage","url":"https:\/\/spd-badbelzig.de\/bahnhofsgespraeche\/wp-content\/uploads\/2019\/06\/pfeilweiter.jpg","contentUrl":"https:\/\/spd-badbelzig.de\/bahnhofsgespraeche\/wp-content\/uploads\/2019\/06\/pfeilweiter.jpg","width":11,"height":8},{"@type":"BreadcrumbList","@id":"https:\/\/spd-badbelzig.de\/bahnhofsgespraeche\/vergangene-veranstaltungen\/#breadcrumb","itemListElement":[{"@type":"ListItem","position":1,"name":"Startseite","item":"https:\/\/spd-badbelzig.de\/bahnhofsgespraeche\/"},{"@type":"ListItem","position":2,"name":"Vergangene Veranstaltungen"}]},{"@type":"WebSite","@id":"https:\/\/spd-badbelzig.de\/bahnhofsgespraeche\/#website","url":"https:\/\/spd-badbelzig.de\/bahnhofsgespraeche\/","name":"Bahnhofsgespr\u00e4che","description":"Wir reden miteinander","publisher":{"@id":"https:\/\/spd-badbelzig.de\/bahnhofsgespraeche\/#organization"},"potentialAction":[{"@type":"SearchAction","target":{"@type":"EntryPoint","urlTemplate":"https:\/\/spd-badbelzig.de\/bahnhofsgespraeche\/?s={search_term_string}"},"query-input":"required name=search_term_string"}],"inLanguage":"de"},{"@type":"Organization","@id":"https:\/\/spd-badbelzig.de\/bahnhofsgespraeche\/#organization","name":"SPD Bad Belzig","url":"https:\/\/spd-badbelzig.de\/bahnhofsgespraeche\/","logo":{"@type":"ImageObject","inLanguage":"de","@id":"https:\/\/spd-badbelzig.de\/bahnhofsgespraeche\/#\/schema\/logo\/image\/","url":"https:\/\/spd-badbelzig.de\/bahnhofsgespraeche\/wp-content\/uploads\/2019\/06\/Bahnhof4rot4.jpg","contentUrl":"https:\/\/spd-badbelzig.de\/bahnhofsgespraeche\/wp-content\/uploads\/2019\/06\/Bahnhof4rot4.jpg","width":2000,"height":1000,"caption":"SPD Bad Belzig"},"image":{"@id":"https:\/\/spd-badbelzig.de\/bahnhofsgespraeche\/#\/schema\/logo\/image\/"},"sameAs":["https:\/\/www.facebook.com\/SPD-Bad-Belzig-570995763395730\/"]}]}},"_links":{"self":[{"href":"https:\/\/spd-badbelzig.de\/bahnhofsgespraeche\/wp-json\/wp\/v2\/pages\/128"}],"collection":[{"href":"https:\/\/spd-badbelzig.de\/bahnhofsgespraeche\/wp-json\/wp\/v2\/pages"}],"about":[{"href":"https:\/\/spd-badbelzig.de\/bahnhofsgespraeche\/wp-json\/wp\/v2\/types\/page"}],"author":[{"embeddable":true,"href":"https:\/\/spd-badbelzig.de\/bahnhofsgespraeche\/wp-json\/wp\/v2\/users\/1"}],"replies":[{"embeddable":true,"href":"https:\/\/spd-badbelzig.de\/bahnhofsgespraeche\/wp-json\/wp\/v2\/comments?post=128"}],"version-history":[{"count":16,"href":"https:\/\/spd-badbelzig.de\/bahnhofsgespraeche\/wp-json\/wp\/v2\/pages\/128\/revisions"}],"predecessor-version":[{"id":443,"href":"https:\/\/spd-badbelzig.de\/bahnhofsgespraeche\/wp-json\/wp\/v2\/pages\/128\/revisions\/443"}],"wp:attachment":[{"href":"https:\/\/spd-badbelzig.de\/bahnhofsgespraeche\/wp-json\/wp\/v2\/media?parent=128"}],"wp:term":[{"taxonomy":"dipi_cpt_category","embeddable":true,"href":"https:\/\/spd-badbelzig.de\/bahnhofsgespraeche\/wp-json\/wp\/v2\/dipi_cpt_category?post=128"}],"curies":[{"name":"wp","href":"https:\/\/api.w.org\/{rel}","templated":true}]}}